{"id":9645,"date":"2021-09-08T11:09:59","date_gmt":"2021-09-08T09:09:59","guid":{"rendered":"https:\/\/factoria81.dev\/gestaltcatalunya\/?page_id=9645"},"modified":"2025-11-04T16:53:45","modified_gmt":"2025-11-04T15:53:45","slug":"bibliografia","status":"publish","type":"page","link":"https:\/\/www.gestaltkairos.com\/es\/bibliografia\/","title":{"rendered":"Bibliografia"},"content":{"rendered":"\t\t<div data-elementor-type=\"wp-page\" data-elementor-id=\"9645\" class=\"elementor elementor-9645\" data-elementor-post-type=\"page\">\n\t\t\t\t\t\t<section class=\"elementor-section elementor-top-section elementor-element elementor-element-d396a73 elementor-section-boxed elementor-section-height-default elementor-section-height-default\" data-id=\"d396a73\" data-element_type=\"section\" data-e-type=\"section\" data-settings=\"{&quot;background_background&quot;:&quot;slideshow&quot;,&quot;background_slideshow_gallery&quot;:[{&quot;id&quot;:29661,&quot;url&quot;:&quot;https:\\\/\\\/www.gestaltkairos.com\\\/wp-content\\\/uploads\\\/2024\\\/12\\\/1.jpg&quot;},{&quot;id&quot;:29662,&quot;url&quot;:&quot;https:\\\/\\\/www.gestaltkairos.com\\\/wp-content\\\/uploads\\\/2024\\\/12\\\/2.jpg&quot;}],&quot;background_slideshow_slide_duration&quot;:3000,&quot;background_slideshow_ken_burns&quot;:&quot;yes&quot;,&quot;background_slideshow_loop&quot;:&quot;yes&quot;,&quot;background_slideshow_slide_transition&quot;:&quot;fade&quot;,&quot;background_slideshow_transition_duration&quot;:500,&quot;background_slideshow_ken_burns_zoom_direction&quot;:&quot;in&quot;}\">\n\t\t\t\t\t\t\t<div class=\"elementor-background-overlay\"><\/div>\n\t\t\t\t\t\t\t<div class=\"elementor-container elementor-column-gap-default\">\n\t\t\t\t\t<div class=\"elementor-column elementor-col-50 elementor-top-column elementor-element elementor-element-1708cb2 ot-flex-column-vertical\" data-id=\"1708cb2\" data-element_type=\"column\" data-e-type=\"column\">\n\t\t\t<div class=\"elementor-widget-wrap elementor-element-populated\">\n\t\t\t\t\t\t<div class=\"elementor-element elementor-element-dad3f32 elementor-widget elementor-widget-spacer\" data-id=\"dad3f32\" data-element_type=\"widget\" data-e-type=\"widget\" data-widget_type=\"spacer.default\">\n\t\t\t\t<div class=\"elementor-widget-container\">\n\t\t\t\t\t\t\t<div class=\"elementor-spacer\">\n\t\t\t<div class=\"elementor-spacer-inner\"><\/div>\n\t\t<\/div>\n\t\t\t\t\t\t<\/div>\n\t\t\t\t<\/div>\n\t\t\t\t<div class=\"elementor-element elementor-element-502542b elementor-widget-tablet__width-initial elementor-widget elementor-widget-iheading\" data-id=\"502542b\" data-element_type=\"widget\" data-e-type=\"widget\" data-widget_type=\"iheading.default\">\n\t\t\t\t<div class=\"elementor-widget-container\">\n\t\t\t\t\t\t\t<div class=\"ot-heading left-align text-light\">\n\t\t\t\n\t\t\t\t\n\n\t        \t            <h5 class=\"sub-heading\"><span>llibres i novel\u00b7les de psicologia, filosofia i psicoter\u00e0pia<\/span><\/h5>\n\t         \n\n\t        \t        \t<h1 class=\"main-heading\">Bibliografia<\/h1>\n\t        \t    <\/div>\n\t    \t\t\t\t<\/div>\n\t\t\t\t<\/div>\n\t\t\t\t\t<\/div>\n\t\t<\/div>\n\t\t\t\t<div class=\"elementor-column elementor-col-50 elementor-top-column elementor-element elementor-element-5e9ba14 ot-column-items-bottom ot-flex-column-vertical\" data-id=\"5e9ba14\" data-element_type=\"column\" data-e-type=\"column\">\n\t\t\t<div class=\"elementor-widget-wrap\">\n\t\t\t\t\t\t\t<\/div>\n\t\t<\/div>\n\t\t\t\t\t<\/div>\n\t\t<\/section>\n\t\t\t\t<section class=\"elementor-section elementor-top-section elementor-element elementor-element-98dbb93 elementor-section-boxed elementor-section-height-default elementor-section-height-default\" data-id=\"98dbb93\" data-element_type=\"section\" data-e-type=\"section\">\n\t\t\t\t\t\t<div class=\"elementor-container elementor-column-gap-default\">\n\t\t\t\t\t<div class=\"elementor-column elementor-col-100 elementor-top-column elementor-element elementor-element-a1c8492 ot-flex-column-vertical\" data-id=\"a1c8492\" data-element_type=\"column\" data-e-type=\"column\">\n\t\t\t<div class=\"elementor-widget-wrap elementor-element-populated\">\n\t\t\t\t\t\t<div class=\"elementor-element elementor-element-217c584 elementor-widget elementor-widget-iheading\" data-id=\"217c584\" data-element_type=\"widget\" data-e-type=\"widget\" data-widget_type=\"iheading.default\">\n\t\t\t\t<div class=\"elementor-widget-container\">\n\t\t\t\t\t\t\t<div class=\"ot-heading left-align\">\n\t\t\t\n\t\t\t\t\n\n\t        \t            <h5 class=\"sub-heading\"><span>GESTALT KAIROS I PSICOTER\u00c0PIA I FORMACI\u00d3 GIRONA<\/span><\/h5>\n\t         \n\n\t        \t    <\/div>\n\t    \t\t\t\t<\/div>\n\t\t\t\t<\/div>\n\t\t\t\t\t<\/div>\n\t\t<\/div>\n\t\t\t\t\t<\/div>\n\t\t<\/section>\n\t\t\t\t<section class=\"elementor-section elementor-top-section elementor-element elementor-element-be710f4 elementor-section-boxed elementor-section-height-default elementor-section-height-default\" data-id=\"be710f4\" data-element_type=\"section\" data-e-type=\"section\">\n\t\t\t\t\t\t<div class=\"elementor-container elementor-column-gap-default\">\n\t\t\t\t\t<div class=\"elementor-column elementor-col-50 elementor-top-column elementor-element elementor-element-6b8d41b ot-flex-column-vertical\" data-id=\"6b8d41b\" data-element_type=\"column\" data-e-type=\"column\">\n\t\t\t<div class=\"elementor-widget-wrap elementor-element-populated\">\n\t\t\t\t\t\t<div class=\"elementor-element elementor-element-08a1242 elementor-widget elementor-widget-iaccordions\" data-id=\"08a1242\" data-element_type=\"widget\" data-e-type=\"widget\" data-widget_type=\"iaccordions.default\">\n\t\t\t\t<div class=\"elementor-widget-container\">\n\t\t\t\t\t\n\t\t<div class=\"ot-accordions\">\n\t\t\t\t\t\t<div class=\"acc-item\">\n\t\t\t\t<span class=\"acc-toggle\">Filosofia (Bases Gest\u00e0ltiques) <i class=\"down flaticon-arrow-pointing-to-down\"><\/i><i class=\"up flaticon-arrow-pointing-to-up\"><\/i><\/span>\n\t\t\t\t<div class=\"acc-content\">\n\t\t\t\t\t<ul><li><strong>Marcos Jose M\u00fcller-Granzotto i Rosane Lorena M\u00fcller-Granzotto.\u00a0<em>Fenomenolog\u00eda y terapia gestalt.<\/em><\/strong><\/li><\/ul><p>Rigor\u00f3s llibre que ens presenta l\u2019ingredient principal de la Ter\u00e0pia Gestalt: La Fenomenologia com a m\u00e8tode i visi\u00f3 de veure i viure el mon.<\/p><ul><li><strong>Martin Buber.<\/strong>\u00a0<strong><em>Yo y Tu.<\/em><\/strong><\/li><\/ul><p>Obra filos\u00f2fica existencial escrita al 1923 m\u00e9s emblem\u00e0tica del fil\u00f2sof jueu Martin Buber. El llibre ens relata les diferents formes en que es relaciona l\u2019 hum\u00e0. D\u2019aquesta obra neix la Relaci\u00f3 Dialogal, b\u00e0sica per el posicionament del terapeuta gestalt.<\/p>\t\t\t\t<\/div>\n\t\t\t<\/div>\n\t\t\t\t\t\t<div class=\"acc-item\">\n\t\t\t\t<span class=\"acc-toggle\">Gestalt <i class=\"down flaticon-arrow-pointing-to-down\"><\/i><i class=\"up flaticon-arrow-pointing-to-up\"><\/i><\/span>\n\t\t\t\t<div class=\"acc-content\">\n\t\t\t\t\t<ul><li><strong>A. Moreau.\u00a0<em>Ejercicios y t\u00e9cnicas creativas de gestalterapia.<\/em><\/strong><\/li><\/ul><p>Aquest llibre cont\u00e9 una part m\u00e9s teorica i alhora tamb\u00e9 cont\u00e9 algunes din\u00e0miques gest\u00e0ltiques.<\/p><ul><li><strong>Adriana Schnake.\u00a0<\/strong><strong><em>Sonia, te env\u00edo los cuadernos caf\u00e9.<\/em><\/strong><\/li><\/ul><ul><li>Adriana Schnake.\u00a0<em>La voz del s\u00edntoma.<\/em><\/li><\/ul><p>Relata casos tractats per l\u2019autora de malalties que, a trav\u00e9s del treball terap\u00e8utic que ella realitza, de retrobament i reconciliaci\u00f3 amb nosaltres mateixos i amb la nostra \u00e0nima, acaben sanant.<\/p><ul><li><strong>\u00c1ngeles Mart\u00edn i Carmen V\u00e1zquez.\u00a0<em>Cuando me encuentro con el capit\u00e1n Garfio...(No) me engancho. La pr\u00e1ctica en psicoterapia gestalt.<\/em><\/strong><\/li><\/ul><p>Llibre on podem trobar diferents t\u00e8cniques gest\u00e0ltiques, per exemple, fantasies dirigides, contes, com treballar els somnis o la enuresis en infants,... Molt detallat.<\/p><ul><li><strong>\u00c1ngeles Mart\u00edn.\u00a0<em>Manual pr\u00e1ctico en psicoterapia gestalt.<\/em><\/strong><\/li><\/ul><p>Tal i com diu el t\u00edtol, \u00e9s un manual pr\u00e0ctic que exposa de forma senzilla i amena els conceptes b\u00e0sics de la ter\u00e0pia gestalt.<\/p><ul><li><strong>Antonio J.Romero.\u00a0<em>Psicologia social del conflicto.<\/em><\/strong>\u00a0\u00a0<\/li><\/ul><ul><li><strong>Carlos Diaz.\u00a0<em>De la terapia gestalt y la terapia existencial a la terapia relacional.<\/em><\/strong><\/li><\/ul><ul><li><strong>Carmen V\u00e1zquez.\u00a0<em>Sin ti no puedo ser yo.<\/em><\/strong><\/li><\/ul><ul><li><strong>Carmen V\u00e1zquez.\u00a0<em>Buscando las palabras que decir.<\/em><\/strong><\/li><\/ul><ul><li><strong>Carmen V\u00e1zquez.<\/strong>\u00a0(2008).<strong>\u00a0<em>Buscando las palabras que decir. Reflexiones sobre la teoria y la pr\u00e1ctica de la Terapia Gestalt.<\/em><\/strong><\/li><\/ul><ul><li><strong>Francisco\u00a0 Pe\u00f1arrubia.\u00a0<em>Terapia gestalt: la v\u00eda del vac\u00edo f\u00e9rtil.<\/em>\u00a0<\/strong>Aquest llibre parla de les bases te\u00f2riques de la ter\u00e0pia gestalt i aporta les viv\u00e8ncies de l\u2019autor dins la seva evoluci\u00f3 com a terapeuta.<\/li><\/ul><ul><li><strong>Frank. R.\u00a0<em>La consciencia immedata del cuerpo<\/em>.<\/strong><\/li><\/ul><p>Llibre que explica la import\u00e0ncia corporal a ter\u00e0pia i com l\u2019autora ho treballa.<\/p><ul><li><strong>Fritz Perls.\u00a0<em>El enfoque gest\u00e1ltico; testimonios de terapia.<\/em><\/strong><\/li><\/ul><ul><li><strong>Fritz Perls.\u00a0<em>Sue\u00f1os y existencia.<\/em>\u00a0<\/strong>Llibre que explica el treball terap\u00e8utic a trav\u00e9s dels somnis, amb transcripcions de sessions en directa de Fritz. \u00a0<\/li><\/ul><ul><li><strong>Fritz Perls.\u00a0<em>Dentro y fuera del tarro de la basura.<\/em><\/strong><\/li><\/ul><ul><li><strong>Fritz Perls.<\/strong>\u00a0(1992).\u00a0<strong><em>Yo, hambre y agresi\u00f3n.<\/em><\/strong><\/li><\/ul><p>Un dels primers llibres de Perls, destaca sobretot la superviv\u00e8ncia i la influ\u00e8ncia dels introjectes.<\/p><ul><li><strong>Fritz Perls, Hefferline, R., Goodman, P.,\u00a0<\/strong>(2002; 2006).\u00a0<strong><em>Terapia Gestalt<\/em>:\u00a0<em>Excitaci\u00f3n y crecimiento de la personalidad humana<\/em>.<\/strong><\/li><\/ul><p>Conegut com el v<em>ade mecum\u00a0<\/em>de la gestalt, aquest llibre \u00e9s el reconegut com la font de tot el coneixement gest\u00e0ltic.<\/p><ul><li><strong>G. Francesetti, M.Gecele y J.Roubal.\u00a0<em>Terapia Gestalt en la pr\u00e1ctica cl\u00ednica. De la psicopatolog\u00eda a la est\u00e9tica del contacto.<\/em><\/strong><\/li><\/ul><p>Gran llibre per explorar les psicopatologies des d\u2019una perspectiva gest\u00e0ltica. Escrit cada cap\u00edtol per un autor diferent, que el fa encara m\u00e9s enriquidor.<\/p><ul><li><strong>Gary Yontef.<\/strong>\u00a0<strong><em>Proceso y di\u00e1logo.<\/em><\/strong><\/li><\/ul><ul><li><strong>George Wollants.<\/strong>\u00a0<strong><em>Terapia de la situaci\u00f3n.<\/em><\/strong><\/li><\/ul><ul><li><strong>Ginger &amp; Ginger.\u00a0<em>El arte del contacto.<\/em><\/strong><\/li><\/ul><ul><li><strong>Irving D. Yalom.\u00a0<em>El don de la terapia.\u00a0<\/em><\/strong>L\u2019autor parla dels aspectes importants a tenir en compte en un proc\u00e9s terap\u00e8utic.<\/li><\/ul><ul><li><strong>Jean-Marie Robine.\u00a0<em>El cambio social empieza entre dos.<\/em><\/strong><\/li><\/ul><p>Assajos i confer\u00e8ncies. L\u2019autor ens invita a explorar la dimensi\u00f3 relacional de la psicoter\u00e0pia, les formes que ella revesteix, les refer\u00e8ncies i suports que es posen en joc des de la perspectiva de camp.<\/p><ul><li><strong>Jean- Marie Robine.\u00a0<em>Terapia Gestalt.<\/em><\/strong><\/li><\/ul><p>Llibre molt petit i de butxaca. Breu resum dels inicis de la Ter\u00e0pia Gestalt i de les seves bases psicoterap\u00e8utiques. Molt aconsellable !<\/p><ul><li><strong>John O. Stevens.\u00a0<em>El darse cuenta.<\/em><\/strong><\/li><\/ul><p>Aquest \u00e9s un dels poc llibres on apareixen din\u00e0miques de gestalt.<\/p><ul><li><strong>J. M Robine.\u00a0<em>El self. Una polifon\u00eda de terapeutas gest\u00e1lticos contempor\u00e1neos<\/em>.<\/strong><\/li><\/ul><p>Molt complert per entendre en la totalitat la teoria del self de la ter\u00e0pia gestalt.<\/p><ul><li><strong>Joseph Zinker.\u00a0<em>El proceso creativo en terapia gest\u00e1ltica.<\/em><\/strong><\/li><\/ul><p>Parla de la creativitat dins del proc\u00e9s terap\u00e8utic, posant molts exemples de casos.<\/p><ul><li><strong>Jung, C. G.\u00a0<em>Los arquetipos y lo inconsciente colectivo.<\/em><\/strong><\/li><\/ul><p>Obra b\u00e0sica de Jung on explica entendorament la seva teoria.<\/p><ul><li><strong>Kh\u00f6ler, W.,\u00a0<\/strong>(1972)\u00a0<strong><em>Psicolog\u00eda de la forma.<\/em><\/strong><\/li><\/ul><p>Explica els pilars de la psicologia de la percepci\u00f3 i la forma, la qual \u00e9s una de les fonts de la ter\u00e0pia gestalt.<\/p><ul><li><strong>Lahera, J.\u00a0<em>Bohr. De la teoria at\u00f3mica a la f\u00edsica cu\u00e1ntica, 19, Cient\u00edficos para la historia.<\/em><\/strong><\/li><\/ul><p>Llibre senzill per comen\u00e7ar a entendre la f\u00edsica qu\u00e0ntica i la seva hist\u00f2ria.<\/p><ul><li><strong>Laura Perls.\u00a0<\/strong>(1994).\u00a0<strong><em>Viviendo en los l\u00edmites.<\/em><\/strong><\/li><\/ul><p>Un dels pocs llibres de la Laura Perls, explica la seva manera de veure i viure la gestalt.<\/p><ul><li><strong>Lewin, K.,\u00a0<\/strong>(1988).<strong>\u00a0<em>La teor\u00eda de campo en la ciencia social<\/em>.<\/strong><\/li><\/ul><p>Explica la teoria de camp des de la perspectiva social de Kurt Lewin, no explica qu\u00e8 \u00e9s la camp, sin\u00f3 la teoria de camp.<\/p><ul><li><strong>Loretta Cornejo.\u00a0<em>Cartas a Pedro. Gu\u00eda para un psicoterapeuta que empieza.<\/em><\/strong><\/li><\/ul><p>Llibre per tenir una refer\u00e8ncia per a les persones que comencen a fer ter\u00e0pia, com posar-s\u2019hi. Per exemple: \u00fas del temps, les pors del terapeuta, el maneig de les resist\u00e8ncies...Tot des d\u2019una visi\u00f3 gest\u00e0ltica.<\/p><ul><li><strong>Orange, D.\u00a0<em>Pensar la pr\u00e1ctica cl\u00ednica.<\/em><\/strong><\/li><\/ul><p>Llibre de lectura agradable i f\u00e0cil. Ens explica el naixement de la Terapia Gestalt, els seus m\u00e8todes i les seves diferents vertens.<\/p><ul><li><strong>P. Brownell.\u00a0<em>Manual de terapia Gestalt: teor\u00eda, investigaci\u00f3n y pr\u00e0ctica<\/em>.<\/strong><\/li><\/ul><ul><li><strong>Peat, F. D.,<\/strong>\u00a0(1990).<strong>\u00a0<em>Sincronicidad. Puente entre mente y materia<\/em>.<\/strong><\/li><\/ul><p>Ens fa un recull del que Junc va anomenar sincronicitats, que \u00e9s el que la teoria de camp dela ter\u00e0pia gestalt tamb\u00e9 anomena, segons C. V\u00e1zquez, \u201cpar\u00e1sitos de campo\u201d.<\/p><ul><li><strong>Philip Brownell.<\/strong>\u00a0<strong><em>Manual de terapia gestalt: teor\u00eda, investigaci\u00f3n y pr\u00e1ctica.<\/em><\/strong><\/li><\/ul><ul><li><strong>Quim Mesalles.\u00a0<em>La tribu que sana.<\/em><\/strong><\/li><\/ul><ul><li><strong>Quim Mesalles.\u00a0<em>La peque\u00f1a tribu.<\/em><\/strong><\/li><\/ul><ul><li><strong>Robine J.M.<\/strong>, (2004).\u00a0<strong><em>Manifestarse gracias al otro<\/em>.<\/strong><\/li><\/ul><ul><li><strong>Robine, J. M.<\/strong>, (2012).<strong>\u00a0<em>El cambio social empieza entre dos. Ensayos y conferencias.<\/em><\/strong><\/li><\/ul><ul><li><strong>Sergio Sinay.\u00a0<em>Gestalt para principiantes.<\/em><\/strong><\/li><\/ul><ul><li><strong>Spagnuolo-Lobb, M.<\/strong>, (2002).\u00a0<strong><em>Psicoterapia de la gestalt. Hermen\u00e9utica y cl\u00ednica.<\/em><\/strong><\/li><\/ul><p>Un llibre amb bones explicacions de conceptes gest\u00e0ltics vist des de la costa est.<\/p><ul><li><strong>Spagnuolo-Lobb, M.<\/strong>\u00a0(2011).<strong>\u00a0<em>El ahora-para-lo-siguiente en psicoterapia. La psicoterapia de la Gestalt contada en la sociedad post-moderna<\/em>.<\/strong><\/li><\/ul><p>Llibre molt complet que amplia la teoria b\u00e0sica de la gestalt aportant reflexions i noves i comen\u00e7a a explicar la teoria del desenvolupament des de la ter\u00e0pia gestalt.<\/p><ul><li><strong>Sylvie Schoch.<\/strong>\u00a0<strong><em>La relaci\u00f3n dialogal en terapia gestalt.<\/em><\/strong><\/li><\/ul><ul><li><strong>Wheleer, G.<\/strong>\u00a0(2002).\u00a0<strong>\u00a0<em>La Gestalt reconsiderada<\/em><\/strong>.<\/li><\/ul><p>Un bon llibre per pensar sobre la gestalt i com l\u2019hem ent\u00e8s.<\/p><ul><li><strong>Wollants, G.<\/strong>\u00a0(2015).<strong>\u00a0<em>Gestalt. Terapia de la situaci\u00f3n<\/em>.<\/strong>\u00a0<\/li><\/ul><p>Un molt bon llibre per comen\u00e7ar a entedre la Teoria de camp.<\/p><ul><li><strong>Yontef, G<\/strong>.(1995, 2009).\u00a0<strong><em>Proceso y di\u00e1logo<\/em>.<\/strong><\/li><\/ul><p>Un dels primers llibres que t\u00e9 un cap\u00edtol que parla del camp. \u00c9s un recull d\u2019articles de l\u2019autor que va parlant de diferents temes gest\u00e0ltics. Escrit al 96 est\u00e0 molt b\u00e9 per veure com ha anat evolucionant la Ter\u00e0pia Gestalt.<\/p>\t\t\t\t<\/div>\n\t\t\t<\/div>\n\t\t\t\t\t\t<div class=\"acc-item\">\n\t\t\t\t<span class=\"acc-toggle\">Psicopatologia <i class=\"down flaticon-arrow-pointing-to-down\"><\/i><i class=\"up flaticon-arrow-pointing-to-up\"><\/i><\/span>\n\t\t\t\t<div class=\"acc-content\">\n\t\t\t\t\t<ul><li><strong>Gilles Delisle.\u00a0<em>Las perturbaciones de la personalidad.<\/em><\/strong><\/li><\/ul><p>Aquest \u00e9s un llibre que parla de trastorns psicopatol\u00f2gics des d\u2019un punt de vista gest\u00e0ltic.<\/p><ul><li><strong>Gianni Francesetti.\u00a0<em>La ausencia es el puente entre dos. Experiencias depresivas.<\/em><\/strong><\/li><\/ul><p>Gran llibre que descriu amb cura, precisi\u00f3 i respecte com la gestalt enfoca les experi\u00e8ncies depressives.<\/p><ul><li><strong>Richard Kitzler.\u00a0<em>Un genio exc\u00e9ntrico.<\/em><\/strong><\/li><\/ul>\t\t\t\t<\/div>\n\t\t\t<\/div>\n\t\t\t\t\t\t<div class=\"acc-item\">\n\t\t\t\t<span class=\"acc-toggle\">Trauma <i class=\"down flaticon-arrow-pointing-to-down\"><\/i><i class=\"up flaticon-arrow-pointing-to-up\"><\/i><\/span>\n\t\t\t\t<div class=\"acc-content\">\n\t\t\t\t\t<ul><li><strong>Bessel van der Kolk, M.D.\u00a0<em>El cuerpo lleva la cuenta.<\/em><\/strong><\/li><\/ul><p>Cervell, ment i cos en la superaci\u00f3 del trauma. L\u2019autor, un del pioners en la investigaci\u00f3 i el tractament del trauma, parla del impacte dels traumes i el poder seguir creixent tot i les experi\u00e8ncies vitals doloroses.<\/p><ul><li><strong>Peter Levine i Maggie Kline.\u00a0<em>El trauma visto por los ni\u00f1os.<\/em><\/strong><\/li><\/ul><p>Aquest llibre descriu, pas a pas, l\u2019aplicaci\u00f3 pr\u00e0ctica dels primers auxilis emocionals en les ferides i els traumes dels infants i adolescents.<\/p>\t\t\t\t<\/div>\n\t\t\t<\/div>\n\t\t\t\t    <\/div>\n\n\t    \t\t\t\t<\/div>\n\t\t\t\t<\/div>\n\t\t\t\t\t<\/div>\n\t\t<\/div>\n\t\t\t\t<div class=\"elementor-column elementor-col-50 elementor-top-column elementor-element elementor-element-5528c94 ot-flex-column-vertical\" data-id=\"5528c94\" data-element_type=\"column\" data-e-type=\"column\">\n\t\t\t<div class=\"elementor-widget-wrap elementor-element-populated\">\n\t\t\t\t\t\t<div class=\"elementor-element elementor-element-1010533 elementor-widget elementor-widget-iaccordions\" data-id=\"1010533\" data-element_type=\"widget\" data-e-type=\"widget\" data-widget_type=\"iaccordions.default\">\n\t\t\t\t<div class=\"elementor-widget-container\">\n\t\t\t\t\t\n\t\t<div class=\"ot-accordions\">\n\t\t\t\t\t\t<div class=\"acc-item\">\n\t\t\t\t<span class=\"acc-toggle\">Neurologia <i class=\"down flaticon-arrow-pointing-to-down\"><\/i><i class=\"up flaticon-arrow-pointing-to-up\"><\/i><\/span>\n\t\t\t\t<div class=\"acc-content\">\n\t\t\t\t\t<ul><li><strong>Oliver Sacks.\u00a0<em>L\u2019home que va confondre la seva dona amb un barret<\/em>.<\/strong><\/li><\/ul><p>Llibre que tracta sobre neurologia d\u2019una forma interessant i entenedora a partir del qu\u00e8 els hi passa als pacients de l\u2019autor (a la seva ment).<\/p>\t\t\t\t<\/div>\n\t\t\t<\/div>\n\t\t\t\t\t\t<div class=\"acc-item\">\n\t\t\t\t<span class=\"acc-toggle\">Emocions <i class=\"down flaticon-arrow-pointing-to-down\"><\/i><i class=\"up flaticon-arrow-pointing-to-up\"><\/i><\/span>\n\t\t\t\t<div class=\"acc-content\">\n\t\t\t\t\t<ul><li><strong>Ferran Salmurri.<\/strong>\u00a0<strong><em>Llibertat emocional.<\/em><\/strong><\/li><\/ul><p>Guia senzilla per a millorar la salut psicol\u00f2gica.<\/p><ul><li>Guillermo Borja.\u00a0<em>Inteligencia emocional en una semana.<\/em><\/li><\/ul><p>Llibre molt senzill per entendre els mapes mentals, els tres cervells i el llenguatge de les emocions.<\/p><ul><li><strong>Marcelo Antoni\u00a0 i\u00a0 Jorge Zentner.<\/strong>\u00a0<strong><em>Las cuatro emociones b\u00e1sicas.<\/em><\/strong><\/li><\/ul><p>Llibre on ens explica qu\u00e8 \u00e9s una emoci\u00f3, les fixacions emocionals que hi ha i la din\u00e0mica i el tr\u00e0nsit emocional.Tamb\u00e9, l\u2019alegria, la por, la r\u00e0bia i la mol\u00e8stia, la tristesa, la culpa i la vergonya i com gestionar-ho.<\/p><ul><li><strong>Karmelo Bizkarra.<\/strong>\u00a0<strong><em>Encrucijada emocional.<\/em><\/strong><\/li><\/ul><p>Explica les emocions de por, tristesa, r\u00e0bia i alegria d\u2019una manera senzilla i molt entenedora, com incorporar-les en el cos i com treballar-les i viure-les.<\/p>\t\t\t\t<\/div>\n\t\t\t<\/div>\n\t\t\t\t\t\t<div class=\"acc-item\">\n\t\t\t\t<span class=\"acc-toggle\">Meditaci\u00f3 <i class=\"down flaticon-arrow-pointing-to-down\"><\/i><i class=\"up flaticon-arrow-pointing-to-up\"><\/i><\/span>\n\t\t\t\t<div class=\"acc-content\">\n\t\t\t\t\t<ul><li><strong>Jos\u00e9 M\u00aa. Acosta.<\/strong>\u00a0<strong><em>La v\u00eda del no apego.<\/em><\/strong><\/li><\/ul><p>Llibre que ens explica qu\u00e8 \u00e9s la meditaci\u00f3 i com arribar a la espiritualitat des d\u2019una visi\u00f3 budista i d\u2019una manera senzilla. Principis de la meditaci\u00f3 Vipassana.<\/p>\t\t\t\t<\/div>\n\t\t\t<\/div>\n\t\t\t\t\t\t<div class=\"acc-item\">\n\t\t\t\t<span class=\"acc-toggle\">Autoconeixement <i class=\"down flaticon-arrow-pointing-to-down\"><\/i><i class=\"up flaticon-arrow-pointing-to-up\"><\/i><\/span>\n\t\t\t\t<div class=\"acc-content\">\n\t\t\t\t\t<ul><li><strong>Eckhart Tolle.\u00a0<em>El poder del ahora.<\/em><\/strong><\/li><\/ul><p>Ressenya de l\u2019editor: El passat ja no existeix, \u00e9s una elaboraci\u00f3 de la nostra ment. I el futur no \u00e9s res m\u00e9s que la projecci\u00f3 dels nostres desitjos i neguits. I enmig hi som nosaltres, experimentant el dolor de ferides passades i tement el que vindr\u00e0. Un llibre que transforma la perspectiva de la vida.<\/p><ul><li><strong>Jos\u00e9 M\u00aa. Acosta.<\/strong>\u00a0<strong><em>La locura lo cura.<\/em><\/strong><\/li><\/ul><p>Manifest psicoterap\u00e8utic b\u00e0sic per qualsevol persona que es vulgui dedicar professionalment a la psicoter\u00e0pia. \u00danic llibre del psicoterapeuta mexic\u00e0 Guillermo Borja, tamb\u00e9 conegut carinyosament com a Memo.<\/p><ul><li><strong>Miguel Ruiz.<\/strong>\u00a0<strong><em>Los cuatro acuerdos.<\/em><\/strong><\/li><\/ul><p>Aquell llibre ens fa una proposta de com \u201celiminar\u201d les creences heretades que ens limiten i substituir-les per altres que responen a la nostra realitat interior i ens porten a la llibertat.<\/p>\t\t\t\t<\/div>\n\t\t\t<\/div>\n\t\t\t\t\t\t<div class=\"acc-item\">\n\t\t\t\t<span class=\"acc-toggle\">Biogen\u00e8tica i Eneagrama <i class=\"down flaticon-arrow-pointing-to-down\"><\/i><i class=\"up flaticon-arrow-pointing-to-up\"><\/i><\/span>\n\t\t\t\t<div class=\"acc-content\">\n\t\t\t\t\t<ul><li><strong>Don Richard Risso i Russ Hudson.\u00a0<em>La sabidur\u00eda del eneagrama.<\/em><\/strong><\/li><\/ul><p>Llibre for\u00e7a complet sobre l\u2019eneagrama, on trobar\u00e0s un q\u00fcestionari per descobrir a quin tipus de personalitat pertanys, una descripci\u00f3 de cada eneatip i els subtipus.\u00a0<\/p><ul><li><strong>Juan Jos\u00e9 Albert.<\/strong>\u00a0<strong><em>Ternura y agresividad.<\/em><\/strong><\/li><\/ul><p>\u00c9s un llibre que relaciona eneagrama, bioenerg\u00e8tica i gestalt i ens ajuda a profunditzar en la relaci\u00f3 existent entre el car\u00e0cter i l\u2019estructura corporal. Es centra en les manifestacions energ\u00e8tiques que, corporal, emocional i intel\u00b7lectualment s\u2019estructuren en cada persona creant el que denominem car\u00e0cter.<\/p><ul><li><strong>Lluis Serra.<\/strong>\u00a0<strong><em>Eneagrama de las pasiones.<\/em><\/strong><\/li><\/ul><p>Un llibre \u00fatil i d\u2019introducci\u00f3 a l\u2019eneagrama.<\/p>\t\t\t\t<\/div>\n\t\t\t<\/div>\n\t\t\t\t\t\t<div class=\"acc-item\">\n\t\t\t\t<span class=\"acc-toggle\">Llibres amb una visi\u00f3 sist\u00e8mica <i class=\"down flaticon-arrow-pointing-to-down\"><\/i><i class=\"up flaticon-arrow-pointing-to-up\"><\/i><\/span>\n\t\t\t\t<div class=\"acc-content\">\n\t\t\t\t\t<ul><li><strong>Joan Garriga.<em>\u00bfD\u00f3nde estan las monedas?<\/em><\/strong><\/li><\/ul><p>Llibre que ens parla del vincle entre pares i fills, \u00e9s a dir, sobre el reconeixement, especialment de fills a pares.<\/p><ul><li><strong>Peter Bourquin i Carmen Cort\u00e9s.<\/strong>\u00a0<strong><em>El gemelo solitario.<\/em><\/strong><\/li><\/ul><p>Llibre que pot servir per entendre moltes de les sensacions i emocions que es tenen quan has estat un bess\u00f3\/na solitari\/a. Amb testimonis de persones que han estat un bess\u00f3\/na solitari\/a. Saber quines conseq\u00fc\u00e8ncies t\u00e9 passar les primeres setmanes o mesos juntament amb un bess\u00f3 a l\u2019\u00fater i despr\u00e9s patir la p\u00e8rdua i n\u00e9ixer sola.<\/p>\t\t\t\t<\/div>\n\t\t\t<\/div>\n\t\t\t\t\t\t<div class=\"acc-item\">\n\t\t\t\t<span class=\"acc-toggle\">Altres <i class=\"down flaticon-arrow-pointing-to-down\"><\/i><i class=\"up flaticon-arrow-pointing-to-up\"><\/i><\/span>\n\t\t\t\t<div class=\"acc-content\">\n\t\t\t\t\t<ul><li><strong>Sheldrake, R<\/strong>. (1990, 2009).\u00a0<strong><em>Una nueva ciencia para la vida. La hip\u00f3tesis de la causaci\u00f3n formativa<\/em>.<\/strong><\/li><\/ul><p>Gran llibre que parlar de la resson\u00e0ncia m\u00f2rfica i de com els camps es reprodueixen tan a nivell de la naturalesa com a nivell social i familiar.<\/p>\t\t\t\t<\/div>\n\t\t\t<\/div>\n\t\t\t\t    <\/div>\n\n\t    \t\t\t\t<\/div>\n\t\t\t\t<\/div>\n\t\t\t\t\t<\/div>\n\t\t<\/div>\n\t\t\t\t\t<\/div>\n\t\t<\/section>\n\t\t\t\t<section class=\"elementor-section elementor-top-section elementor-element elementor-element-26379ed elementor-section-boxed elementor-section-height-default elementor-section-height-default\" data-id=\"26379ed\" data-element_type=\"section\" data-e-type=\"section\">\n\t\t\t\t\t\t<div class=\"elementor-container elementor-column-gap-default\">\n\t\t\t\t\t<div class=\"elementor-column elementor-col-100 elementor-top-column elementor-element elementor-element-2f332af ot-flex-column-vertical\" data-id=\"2f332af\" data-element_type=\"column\" data-e-type=\"column\">\n\t\t\t<div class=\"elementor-widget-wrap elementor-element-populated\">\n\t\t\t\t\t\t<div class=\"elementor-element elementor-element-92f0fc3 elementor-widget elementor-widget-iheading\" data-id=\"92f0fc3\" data-element_type=\"widget\" data-e-type=\"widget\" data-widget_type=\"iheading.default\">\n\t\t\t\t<div class=\"elementor-widget-container\">\n\t\t\t\t\t\t\t<div class=\"ot-heading left-align\">\n\t\t\t\n\t\t\t\t\n\n\t        \t            <h5 class=\"sub-heading\"><span>ESCOLA GESTALT KAIROS<\/span><\/h5>\n\t         \n\n\t        \t        \t<h2 class=\"main-heading\">Novel\u00b7les<\/h2>\n\t        \t    <\/div>\n\t    \t\t\t\t<\/div>\n\t\t\t\t<\/div>\n\t\t\t\t<div class=\"elementor-element elementor-element-7d1f0b0 elementor-widget elementor-widget-text-editor\" data-id=\"7d1f0b0\" data-element_type=\"widget\" data-e-type=\"widget\" data-widget_type=\"text-editor.default\">\n\t\t\t\t<div class=\"elementor-widget-container\">\n\t\t\t\t\t\t\t\t\t<ul><li><strong>Antoine de Saint-Exup\u00e9ry.\u00a0<em>El petit pr\u00edncep.<\/em><\/strong><\/li><\/ul><p>Un cl\u00e0ssic, senzill i enfocat per a nens petits amb moltes grans reflexions al darrere.<\/p><ul><li><strong>Herman Hesse<\/strong>.\u00a0<strong><em>Demian.<\/em><\/strong><\/li><\/ul><p>Novel\u00b7la existencial sobre la joventut d\u2019Emil Sinclair i la seva sortida de la innoc\u00e8ncia. Max Demian el portar\u00e0 per nous camins de l&#8217;auto-raonament destruint paradigmes materialistes que abans l&#8217;envoltaven. La novel\u00b7la utilitza conceptes de Gnosticisme, particularment el demi\u00fcrg Abraxas, mentre mostra la influ\u00e8ncia de sistema de psicoan\u00e0lisi de Carl Jung. Publicada per primera vegada al 1919.<\/p><ul><li><strong>Herman Hesse.\u00a0<em>El lobo estepario.<\/em><\/strong><\/li><\/ul><p>Una gran novel\u00b7la crua i potent, amb una gran filosofia de fons.<\/p><ul><li><strong>J. Krishnamurti.<\/strong>\u00a0<strong><em>El sendero.<\/em><\/strong><\/li><\/ul><p>Novel\u00b7la introspectiva d\u2019un passeig per un cam\u00ed.<\/p><ul><li><strong>James Rhodes.<\/strong>\u00a0<strong><em>Instrumental. Memorias de m\u00fasica, medicina y locura.<\/em><\/strong><\/li><\/ul><p>Novel\u00b7la autobiogr\u00e0fica. Una historia d\u2019esperan\u00e7a i resili\u00e8ncia. En paraules del mateix autor: \u201c Me violaron a los 6 a\u00f1os. Me internaron en un psiqui\u00e1trico. Fui drogadicto y alcoh\u00f3lico. Me intent\u00e9 suicidar cinco veces. Perd\u00ed la custodia de mi hijo. Pero no voy a hablar de eso. Voy a hablar de m\u00fasica. Porque Bach me salvo la vida. Y yo amo la vida\u201d.<\/p><ul><li><strong>Khalil Gibran.\u00a0<em>Obras completas 1, 2 y 3.<\/em><\/strong><\/li><\/ul><p>Aquest \u00e9s un gran autor que escriu llibres amb petits contes per poder pensar i q\u00fcestionar-se la vida, el m\u00f3n, els valors\u2026<\/p><ul><li><strong>Torcuato Luca de Tena.<\/strong>\u00a0<strong><em>Los renglones torcidos de Dios.<\/em><\/strong><\/li><\/ul><p>Gran llibre que il\u00b7lustra la vida en un psiqui\u00e0tric.<\/p>\t\t\t\t\t\t\t\t<\/div>\n\t\t\t\t<\/div>\n\t\t\t\t\t<\/div>\n\t\t<\/div>\n\t\t\t\t\t<\/div>\n\t\t<\/section>\n\t\t\t\t<section class=\"elementor-section elementor-top-section elementor-element elementor-element-6818c61 elementor-section-boxed elementor-section-height-default elementor-section-height-default\" data-id=\"6818c61\" data-element_type=\"section\" data-e-type=\"section\">\n\t\t\t\t\t\t<div class=\"elementor-container elementor-column-gap-default\">\n\t\t\t\t\t<div class=\"elementor-column elementor-col-100 elementor-top-column elementor-element elementor-element-2d99e93 ot-flex-column-vertical\" data-id=\"2d99e93\" data-element_type=\"column\" data-e-type=\"column\">\n\t\t\t<div class=\"elementor-widget-wrap elementor-element-populated\">\n\t\t\t\t\t\t<div class=\"elementor-element elementor-element-bb63819 elementor-widget elementor-widget-iheading\" data-id=\"bb63819\" data-element_type=\"widget\" data-e-type=\"widget\" data-widget_type=\"iheading.default\">\n\t\t\t\t<div class=\"elementor-widget-container\">\n\t\t\t\t\t\t\t<div class=\"ot-heading left-align\">\n\t\t\t\n\t\t\t\t\n\n\t        \t            <h5 class=\"sub-heading\"><span>ESCOLA GESTALT KAIROS<\/span><\/h5>\n\t         \n\n\t        \t        \t<h2 class=\"main-heading\">Llibres recomanats des del Curs Eines Sist\u00e8miques<\/h2>\n\t        \t    <\/div>\n\t    \t\t\t\t<\/div>\n\t\t\t\t<\/div>\n\t\t\t\t<section class=\"elementor-section elementor-inner-section elementor-element elementor-element-7ad2485 elementor-section-boxed elementor-section-height-default elementor-section-height-default\" data-id=\"7ad2485\" data-element_type=\"section\" data-e-type=\"section\">\n\t\t\t\t\t\t<div class=\"elementor-container elementor-column-gap-default\">\n\t\t\t\t\t<div class=\"elementor-column elementor-col-50 elementor-inner-column elementor-element elementor-element-2659984 ot-flex-column-vertical\" data-id=\"2659984\" data-element_type=\"column\" data-e-type=\"column\">\n\t\t\t<div class=\"elementor-widget-wrap elementor-element-populated\">\n\t\t\t\t\t\t<div class=\"elementor-element elementor-element-293a3bd elementor-widget elementor-widget-iiconbox\" data-id=\"293a3bd\" data-element_type=\"widget\" data-e-type=\"widget\" data-widget_type=\"iiconbox.default\">\n\t\t\t\t<div class=\"elementor-widget-container\">\n\t\t\t\t\t\t\t<div class=\"icon-box s1\">\n\t\t\t<div class=\"bg-s3\"><\/div>\n\t\t\t<div class=\"bg-before\"><\/div>\n\t\t\t<div class=\"bg-after\"><\/div>\n\t\t\t<div class=\"icon-main\">\n\t\t        \t\t        \t<i aria-hidden=\"true\" class=\"fas fa-book-open\"><\/i>\t\t        \t\t\t    \n\t\t\t    \t\t        \t        <\/div>\n\t        <div class=\"content-box\">\n\t            <h5 class=\"box-title\">Bert Hellinger. \u00c9xito en la vida, \u00e9xito en los negocios.<\/h5>\n\t            <p><\/p>\n\t        <\/div>\n\t        \t\n\t    <\/div>\n\t    \t\t\t\t<\/div>\n\t\t\t\t<\/div>\n\t\t\t\t<div class=\"elementor-element elementor-element-a44aa62 elementor-widget elementor-widget-iiconbox\" data-id=\"a44aa62\" data-element_type=\"widget\" data-e-type=\"widget\" data-widget_type=\"iiconbox.default\">\n\t\t\t\t<div class=\"elementor-widget-container\">\n\t\t\t\t\t\t\t<div class=\"icon-box s1\">\n\t\t\t<div class=\"bg-s3\"><\/div>\n\t\t\t<div class=\"bg-before\"><\/div>\n\t\t\t<div class=\"bg-after\"><\/div>\n\t\t\t<div class=\"icon-main\">\n\t\t        \t\t        \t<i aria-hidden=\"true\" class=\"fas fa-book-open\"><\/i>\t\t        \t\t\t    \n\t\t\t    \t\t        \t        <\/div>\n\t        <div class=\"content-box\">\n\t            <h5 class=\"box-title\">Joan Corbalan. Familias Modernas.<\/h5>\n\t            <p>Joan Corbalan \u00e9s un consultor sist\u00e8mic, treballa en solucionar conflictes que sorgeixen en organitzacions empresarials. En aquest llibre fa una mirada a totes les possibilitats que ens trobem avui en dia a l\u2019hora de crear una fam\u00edlia.<\/p>\n\t        <\/div>\n\t        \t\n\t    <\/div>\n\t    \t\t\t\t<\/div>\n\t\t\t\t<\/div>\n\t\t\t\t\t<\/div>\n\t\t<\/div>\n\t\t\t\t<div class=\"elementor-column elementor-col-50 elementor-inner-column elementor-element elementor-element-e3a3017 ot-flex-column-vertical\" data-id=\"e3a3017\" data-element_type=\"column\" data-e-type=\"column\">\n\t\t\t<div class=\"elementor-widget-wrap elementor-element-populated\">\n\t\t\t\t\t\t<div class=\"elementor-element elementor-element-1e8d42c elementor-widget elementor-widget-iiconbox\" data-id=\"1e8d42c\" data-element_type=\"widget\" data-e-type=\"widget\" data-widget_type=\"iiconbox.default\">\n\t\t\t\t<div class=\"elementor-widget-container\">\n\t\t\t\t\t\t\t<div class=\"icon-box s1\">\n\t\t\t<div class=\"bg-s3\"><\/div>\n\t\t\t<div class=\"bg-before\"><\/div>\n\t\t\t<div class=\"bg-after\"><\/div>\n\t\t\t<div class=\"icon-main\">\n\t\t        \t\t        \t<i aria-hidden=\"true\" class=\"fas fa-book-open\"><\/i>\t\t        \t\t\t    \n\t\t\t    \t\t        \t        <\/div>\n\t        <div class=\"content-box\">\n\t            <h5 class=\"box-title\">Maria Colodr\u00f3n. Mu\u00f1ecos, met\u00e1foras y soluciones.<\/h5>\n\t            <p>Maria Colodr\u00f3n \u00e9s una psicoterapeuta que integra en el seu treball les constel\u00b7lacions familiar, tan en individual com grupal. En aquest llibre ofereix experi\u00e8ncia i recursos per treballar amb clicks.<\/p>\n\t        <\/div>\n\t        \t\n\t    <\/div>\n\t    \t\t\t\t<\/div>\n\t\t\t\t<\/div>\n\t\t\t\t<div class=\"elementor-element elementor-element-9de8e60 elementor-widget elementor-widget-iiconbox\" data-id=\"9de8e60\" data-element_type=\"widget\" data-e-type=\"widget\" data-widget_type=\"iiconbox.default\">\n\t\t\t\t<div class=\"elementor-widget-container\">\n\t\t\t\t\t\t\t<div class=\"icon-box s1\">\n\t\t\t<div class=\"bg-s3\"><\/div>\n\t\t\t<div class=\"bg-before\"><\/div>\n\t\t\t<div class=\"bg-after\"><\/div>\n\t\t\t<div class=\"icon-main\">\n\t\t        \t\t        \t<i aria-hidden=\"true\" class=\"fas fa-book-open\"><\/i>\t\t        \t\t\t    \n\t\t\t    \t\t        \t        <\/div>\n\t        <div class=\"content-box\">\n\t            <h5 class=\"box-title\">Thomas Moore. El cuidado del alma.<\/h5>\n\t            <p>Es un llibre que fa refer\u00e8ncia a la import\u00e0ncia de viure com volem viure, de fer el que volem fer, i de sentint-se realitzats tal com som.<\/p>\n\t        <\/div>\n\t        \t\n\t    <\/div>\n\t    \t\t\t\t<\/div>\n\t\t\t\t<\/div>\n\t\t\t\t\t<\/div>\n\t\t<\/div>\n\t\t\t\t\t<\/div>\n\t\t<\/section>\n\t\t\t\t\t<\/div>\n\t\t<\/div>\n\t\t\t\t\t<\/div>\n\t\t<\/section>\n\t\t\t\t<section class=\"elementor-section elementor-top-section elementor-element elementor-element-41324f3 elementor-section-boxed elementor-section-height-default elementor-section-height-default\" data-id=\"41324f3\" data-element_type=\"section\" data-e-type=\"section\">\n\t\t\t\t\t\t<div class=\"elementor-container elementor-column-gap-default\">\n\t\t\t\t\t<div class=\"elementor-column elementor-col-100 elementor-top-column elementor-element elementor-element-bef5962 ot-flex-column-vertical\" data-id=\"bef5962\" data-element_type=\"column\" data-e-type=\"column\">\n\t\t\t<div class=\"elementor-widget-wrap elementor-element-populated\">\n\t\t\t\t\t\t<div class=\"elementor-element elementor-element-52c4a4a elementor-widget elementor-widget-iheading\" data-id=\"52c4a4a\" data-element_type=\"widget\" data-e-type=\"widget\" data-widget_type=\"iheading.default\">\n\t\t\t\t<div class=\"elementor-widget-container\">\n\t\t\t\t\t\t\t<div class=\"ot-heading left-align\">\n\t\t\t\n\t\t\t\t\n\n\t        \t            <h5 class=\"sub-heading\"><span>GESTALT KAIROS I PSICOTER\u00c0PIA I FORMACI\u00d3 GIRONA<\/span><\/h5>\n\t         \n\n\t        \t        \t<h2 class=\"main-heading\">Infantil<\/h2>\n\t        \t    <\/div>\n\t    \t\t\t\t<\/div>\n\t\t\t\t<\/div>\n\t\t\t\t\t<\/div>\n\t\t<\/div>\n\t\t\t\t\t<\/div>\n\t\t<\/section>\n\t\t\t\t<section class=\"elementor-section elementor-top-section elementor-element elementor-element-e41b10c elementor-section-boxed elementor-section-height-default elementor-section-height-default\" data-id=\"e41b10c\" data-element_type=\"section\" data-e-type=\"section\">\n\t\t\t\t\t\t<div class=\"elementor-container elementor-column-gap-default\">\n\t\t\t\t\t<div class=\"elementor-column elementor-col-33 elementor-top-column elementor-element elementor-element-3001a6e ot-flex-column-vertical\" data-id=\"3001a6e\" data-element_type=\"column\" data-e-type=\"column\">\n\t\t\t<div class=\"elementor-widget-wrap elementor-element-populated\">\n\t\t\t\t\t\t<div class=\"elementor-element elementor-element-a17e1d7 elementor-widget elementor-widget-iiconbox\" data-id=\"a17e1d7\" data-element_type=\"widget\" data-e-type=\"widget\" data-widget_type=\"iiconbox.default\">\n\t\t\t\t<div class=\"elementor-widget-container\">\n\t\t\t\t\t\t\t<div class=\"icon-box s3\">\n\t\t\t<div class=\"bg-s3\"><\/div>\n\t\t\t<div class=\"bg-before\"><\/div>\n\t\t\t<div class=\"bg-after\"><\/div>\n\t\t\t<div class=\"icon-main\">\n\t\t        \t\t        \t<i aria-hidden=\"true\" class=\"fas fa-book\"><\/i>\t\t        \t\t\t    \n\t\t\t    \t\t        \t        <\/div>\n\t        <div class=\"content-box\">\n\t            <h5 class=\"box-title\">Elizabeth Fodor, Montserrat Mor\u00e1n i Andrea Moleres. Todo un mundo de sorpresas. Educar jugando. El ni\u00f1o de 2 a 5 a\u00f1os.<\/h5>\n\t            <p>\nLlibre on s\u2019hi pot trobar jocs i pautes educatives per a infants de 2 a 5 anys. Molt ben explicat.<\/p>\n\t        <\/div>\n\t        \t\n\t    <\/div>\n\t    \t\t\t\t<\/div>\n\t\t\t\t<\/div>\n\t\t\t\t<div class=\"elementor-element elementor-element-f093cdb elementor-widget elementor-widget-iiconbox\" data-id=\"f093cdb\" data-element_type=\"widget\" data-e-type=\"widget\" data-widget_type=\"iiconbox.default\">\n\t\t\t\t<div class=\"elementor-widget-container\">\n\t\t\t\t\t\t\t<div class=\"icon-box s3\">\n\t\t\t<div class=\"bg-s3\"><\/div>\n\t\t\t<div class=\"bg-before\"><\/div>\n\t\t\t<div class=\"bg-after\"><\/div>\n\t\t\t<div class=\"icon-main\">\n\t\t        \t\t        \t<i aria-hidden=\"true\" class=\"fas fa-book\"><\/i>\t\t        \t\t\t    \n\t\t\t    \t\t        \t        <\/div>\n\t        <div class=\"content-box\">\n\t            <h5 class=\"box-title\">John Bowlby. El apego.<\/h5>\n\t            <p>Ens explica la teoria de Bowlby, l\u2019impacta que t\u00e9 sobre l\u2019infant i la separaci\u00f3 primerenca de la figura materna. Ens mostra les pautes conductuals dels infants.\n\n <\/p>\n\t        <\/div>\n\t        \t\n\t    <\/div>\n\t    \t\t\t\t<\/div>\n\t\t\t\t<\/div>\n\t\t\t\t\t<\/div>\n\t\t<\/div>\n\t\t\t\t<div class=\"elementor-column elementor-col-33 elementor-top-column elementor-element elementor-element-c4aa782 ot-flex-column-vertical\" data-id=\"c4aa782\" data-element_type=\"column\" data-e-type=\"column\">\n\t\t\t<div class=\"elementor-widget-wrap elementor-element-populated\">\n\t\t\t\t\t\t<div class=\"elementor-element elementor-element-9bbcd83 elementor-widget elementor-widget-iiconbox\" data-id=\"9bbcd83\" data-element_type=\"widget\" data-e-type=\"widget\" data-widget_type=\"iiconbox.default\">\n\t\t\t\t<div class=\"elementor-widget-container\">\n\t\t\t\t\t\t\t<div class=\"icon-box s3\">\n\t\t\t<div class=\"bg-s3\"><\/div>\n\t\t\t<div class=\"bg-before\"><\/div>\n\t\t\t<div class=\"bg-after\"><\/div>\n\t\t\t<div class=\"icon-main\">\n\t\t        \t\t        \t<i aria-hidden=\"true\" class=\"fas fa-book\"><\/i>\t\t        \t\t\t    \n\t\t\t    \t\t        \t        <\/div>\n\t        <div class=\"content-box\">\n\t            <h5 class=\"box-title\">Ev\u00e2nia Reichert. Infancia, la edad sagrada.<\/h5>\n\t            <p>Un llibre que ens parla de les diferents etapes de la inf\u00e0ncia i explica les claus de la formaci\u00f3 del car\u00e0cter, la prevenci\u00f3 de la neurosi i el cultiu de les virtuts. Ofereix una visi\u00f3 contempor\u00e0nia de les idees de Wilhelm Reich aplicada a l\u2019educaci\u00f3 dels nens a trav\u00e9s de l\u2019autoregulaci\u00f3, el respecte biopsicol\u00f2gic i els bons vincles.<\/p>\n\t        <\/div>\n\t        \t\n\t    <\/div>\n\t    \t\t\t\t<\/div>\n\t\t\t\t<\/div>\n\t\t\t\t<div class=\"elementor-element elementor-element-edeea04 elementor-widget elementor-widget-iiconbox\" data-id=\"edeea04\" data-element_type=\"widget\" data-e-type=\"widget\" data-widget_type=\"iiconbox.default\">\n\t\t\t\t<div class=\"elementor-widget-container\">\n\t\t\t\t\t\t\t<div class=\"icon-box s3\">\n\t\t\t<div class=\"bg-s3\"><\/div>\n\t\t\t<div class=\"bg-before\"><\/div>\n\t\t\t<div class=\"bg-after\"><\/div>\n\t\t\t<div class=\"icon-main\">\n\t\t        \t\t        \t<i aria-hidden=\"true\" class=\"fas fa-book\"><\/i>\t\t        \t\t\t    \n\t\t\t    \t\t        \t        <\/div>\n\t        <div class=\"content-box\">\n\t            <h5 class=\"box-title\">Laura Gutman. La maternidad y el encuentro con la propia sombra.<\/h5>\n\t            <p>Llibre que enfronta els mites i prejudicis relatius a la maternitat, la crian\u00e7a dels nens i els obstacles que apareixen al llarg del cam\u00ed per garantir el benestar del infant.<\/p>\n\t        <\/div>\n\t        \t\n\t    <\/div>\n\t    \t\t\t\t<\/div>\n\t\t\t\t<\/div>\n\t\t\t\t\t<\/div>\n\t\t<\/div>\n\t\t\t\t<div class=\"elementor-column elementor-col-33 elementor-top-column elementor-element elementor-element-bb1faa0 ot-flex-column-vertical\" data-id=\"bb1faa0\" data-element_type=\"column\" data-e-type=\"column\">\n\t\t\t<div class=\"elementor-widget-wrap elementor-element-populated\">\n\t\t\t\t\t\t<div class=\"elementor-element elementor-element-aa3438a elementor-widget elementor-widget-iiconbox\" data-id=\"aa3438a\" data-element_type=\"widget\" data-e-type=\"widget\" data-widget_type=\"iiconbox.default\">\n\t\t\t\t<div class=\"elementor-widget-container\">\n\t\t\t\t\t\t\t<div class=\"icon-box s3\">\n\t\t\t<div class=\"bg-s3\"><\/div>\n\t\t\t<div class=\"bg-before\"><\/div>\n\t\t\t<div class=\"bg-after\"><\/div>\n\t\t\t<div class=\"icon-main\">\n\t\t        \t\t        \t<i aria-hidden=\"true\" class=\"fas fa-book\"><\/i>\t\t        \t\t\t    \n\t\t\t    \t\t        \t        <\/div>\n\t        <div class=\"content-box\">\n\t            <h5 class=\"box-title\">Loretta Cornejo. Manual de terapia gest\u00e1ltica aplicada a los adolescentes.<\/h5>\n\t            <p>Un llibre que ofereix einesi recursos als professionals que treballen amb adolescents i als pares que volen millor la relaci\u00f3 amb els seus fills.<\/p>\n\t        <\/div>\n\t        \t\n\t    <\/div>\n\t    \t\t\t\t<\/div>\n\t\t\t\t<\/div>\n\t\t\t\t<div class=\"elementor-element elementor-element-f74e26a elementor-widget elementor-widget-iiconbox\" data-id=\"f74e26a\" data-element_type=\"widget\" data-e-type=\"widget\" data-widget_type=\"iiconbox.default\">\n\t\t\t\t<div class=\"elementor-widget-container\">\n\t\t\t\t\t\t\t<div class=\"icon-box s3\">\n\t\t\t<div class=\"bg-s3\"><\/div>\n\t\t\t<div class=\"bg-before\"><\/div>\n\t\t\t<div class=\"bg-after\"><\/div>\n\t\t\t<div class=\"icon-main\">\n\t\t        \t\t        \t<i aria-hidden=\"true\" class=\"fas fa-book\"><\/i>\t\t        \t\t\t    \n\t\t\t    \t\t        \t        <\/div>\n\t        <div class=\"content-box\">\n\t            <h5 class=\"box-title\">Maria Guadalupe Morales. La expresi\u00f3n gr\u00e1fica en Psicoterapia Infantil.<\/h5>\n\t            <p><\/p>\n\t        <\/div>\n\t        \t\n\t    <\/div>\n\t    \t\t\t\t<\/div>\n\t\t\t\t<\/div>\n\t\t\t\t<div class=\"elementor-element elementor-element-5a99b5d elementor-widget elementor-widget-iiconbox\" data-id=\"5a99b5d\" data-element_type=\"widget\" data-e-type=\"widget\" data-widget_type=\"iiconbox.default\">\n\t\t\t\t<div class=\"elementor-widget-container\">\n\t\t\t\t\t\t\t<div class=\"icon-box s3\">\n\t\t\t<div class=\"bg-s3\"><\/div>\n\t\t\t<div class=\"bg-before\"><\/div>\n\t\t\t<div class=\"bg-after\"><\/div>\n\t\t\t<div class=\"icon-main\">\n\t\t        \t\t        \t<i aria-hidden=\"true\" class=\"fas fa-book\"><\/i>\t\t        \t\t\t    \n\t\t\t    \t\t        \t        <\/div>\n\t        <div class=\"content-box\">\n\t            <h5 class=\"box-title\">Violet Oaklander. Ventanas a nuestros ni\u00f1os.<\/h5>\n\t            <p>Llibre que ens mostra des d\u2019una visi\u00f3 gest\u00e0ltica com es realitza ter\u00e0pia per a infants i adolescents.<\/p>\n\t        <\/div>\n\t        \t\n\t    <\/div>\n\t    \t\t\t\t<\/div>\n\t\t\t\t<\/div>\n\t\t\t\t\t<\/div>\n\t\t<\/div>\n\t\t\t\t\t<\/div>\n\t\t<\/section>\n\t\t\t\t<section class=\"elementor-section elementor-top-section elementor-element elementor-element-3b5ba85 elementor-section-boxed elementor-section-height-default elementor-section-height-default\" data-id=\"3b5ba85\" data-element_type=\"section\" data-e-type=\"section\" data-settings=\"{&quot;background_background&quot;:&quot;classic&quot;}\">\n\t\t\t\t\t\t\t<div class=\"elementor-background-overlay\"><\/div>\n\t\t\t\t\t\t\t<div class=\"elementor-container elementor-column-gap-default\">\n\t\t\t\t\t<div class=\"elementor-column elementor-col-50 elementor-top-column elementor-element elementor-element-05384ea ot-flex-column-vertical\" data-id=\"05384ea\" data-element_type=\"column\" data-e-type=\"column\">\n\t\t\t<div class=\"elementor-widget-wrap elementor-element-populated\">\n\t\t\t\t\t\t<div class=\"elementor-element elementor-element-a2fc80e elementor-widget elementor-widget-iheading\" data-id=\"a2fc80e\" data-element_type=\"widget\" data-e-type=\"widget\" data-widget_type=\"iheading.default\">\n\t\t\t\t<div class=\"elementor-widget-container\">\n\t\t\t\t\t\t\t<div class=\"ot-heading left-align\">\n\t\t\t\n\t\t\t\t\n\n\t        \t            <h5 class=\"sub-heading\"><span>GESTALT KAIROS I PSICOTER\u00c0PIA I FORMACI\u00d3 GIRONA<\/span><\/h5>\n\t         \n\n\t        \t        \t<h2 class=\"main-heading\">Llibres per infants<\/h2>\n\t        \t    <\/div>\n\t    \t\t\t\t<\/div>\n\t\t\t\t<\/div>\n\t\t\t\t<div class=\"elementor-element elementor-element-fab873a elementor-widget elementor-widget-iaccordions\" data-id=\"fab873a\" data-element_type=\"widget\" data-e-type=\"widget\" data-widget_type=\"iaccordions.default\">\n\t\t\t\t<div class=\"elementor-widget-container\">\n\t\t\t\t\t\n\t\t<div class=\"ot-accordions\">\n\t\t\t\t\t\t<div class=\"acc-item\">\n\t\t\t\t<span class=\"acc-toggle\">Sobre la import\u00e0ncia de la pertin\u00e8ncia: <i class=\"down flaticon-arrow-pointing-to-down\"><\/i><i class=\"up flaticon-arrow-pointing-to-up\"><\/i><\/span>\n\t\t\t\t<div class=\"acc-content\">\n\t\t\t\t\t<p><strong>Sobre la import\u00e0ncia de la pertin\u00e8ncia:<\/strong><\/p><ul><li><strong>David Memling.\u00a0<em>En Bru necessita una abra\u00e7ada.\u00a0<\/em><\/strong>Ed. Baula.<\/li><\/ul><ul><li><strong>Debi Gliori .<em>T'estimare sempre petit\u00f3<\/em>.<\/strong>\u00a0Es. Timunmas.<\/li><\/ul><ul><li><strong>\u00c9mile Jadoul.\u00a0<em>Qu\u00e8 ve el llop!.<\/em><\/strong>\u00a0Ed. Baula.<\/li><\/ul><ul><li><strong>Justin Richardson.\u00a0<em>Amb la Tango son tres.<\/em><\/strong><\/li><\/ul><p>Un conte sobre fam\u00edlia i g\u00e8nere.<\/p><ul><li><strong>Ricardo Alc\u00e1ntara.<\/strong>\u00a0<strong><em>La Pata Paca.<\/em><\/strong>\u00a0Ed. Edeb\u00e9.<\/li><\/ul>\t\t\t\t<\/div>\n\t\t\t<\/div>\n\t\t\t\t\t\t<div class=\"acc-item\">\n\t\t\t\t<span class=\"acc-toggle\">Sobre la expressi\u00f3 de la r\u00e0bia: <i class=\"down flaticon-arrow-pointing-to-down\"><\/i><i class=\"up flaticon-arrow-pointing-to-up\"><\/i><\/span>\n\t\t\t\t<div class=\"acc-content\">\n\t\t\t\t\t<ul><li><strong>Mireille d'Allance.\u00a0<em>Quina rebequeria!.<\/em><\/strong>\u00a0Biblioteca \"Ratoncito P\u00e9rez\".<\/li><\/ul><p><strong>Sobre la por, la seva expressi\u00f3 i integraci\u00f3:<\/strong><\/p><ul><li><strong>Isabelle Bonameau.\u00a0<em>Al llit, horribles!<\/em><\/strong>\u00a0Ed. Corimbo.<\/li><\/ul><ul><li><strong>Mercer Mayer.\u00a0<em>Un malson al meu armari.<\/em><\/strong><\/li><\/ul><ul><li><strong>Santi Balmes.\u00a0<em>Jo matar\u00e9 monstres per tu.<\/em><\/strong>\u00a0Ed. Principal de Llibres.\u00a0<\/li><\/ul><ul><li><strong>Sendak.<\/strong>\u00a0<strong><em>D\u00f3nde viven los monstruos.<\/em><\/strong><\/li><\/ul>\t\t\t\t<\/div>\n\t\t\t<\/div>\n\t\t\t\t\t\t<div class=\"acc-item\">\n\t\t\t\t<span class=\"acc-toggle\">Sobre proc\u00e9s de dol: <i class=\"down flaticon-arrow-pointing-to-down\"><\/i><i class=\"up flaticon-arrow-pointing-to-up\"><\/i><\/span>\n\t\t\t\t<div class=\"acc-content\">\n\t\t\t\t\t<ul><li><strong>Benji Davies.\u00a0<em>La isla del Abuelo.<\/em><\/strong><\/li><\/ul><ul><li><strong>Klaus Baumgart.<\/strong>\u00a0<strong><em>La estrella de Laura .<\/em><\/strong>\u00a0Ed. Beascoa.<\/li><\/ul><ul><li><strong>Knister.\u00a0<em>T'ho prometo<\/em>.<\/strong>\u00a0ING edicions.<\/li><\/ul><ul><li><strong>Knister.<\/strong>\u00a0<strong><em>El gran baile de Sofia y su abuela.<\/em><\/strong>\u00a0Ed. Bru\u00f1o.<\/li><\/ul><ul><li><strong>Oliver Jeffers.\u00a0<em>El coraz\u00f3n y la botella.<\/em><\/strong><\/li><\/ul>\t\t\t\t<\/div>\n\t\t\t<\/div>\n\t\t\t\t\t\t<div class=\"acc-item\">\n\t\t\t\t<span class=\"acc-toggle\">Sobre sexualitat: <i class=\"down flaticon-arrow-pointing-to-down\"><\/i><i class=\"up flaticon-arrow-pointing-to-up\"><\/i><\/span>\n\t\t\t\t<div class=\"acc-content\">\n\t\t\t\t\t<ul><li><strong>Cristina Romero y Francis Mar\u00edn.<\/strong>\u00a0<strong><em>El libro Rojo de las Ni\u00f1as.<\/em><\/strong><\/li><\/ul>\t\t\t\t<\/div>\n\t\t\t<\/div>\n\t\t\t\t    <\/div>\n\n\t    \t\t\t\t<\/div>\n\t\t\t\t<\/div>\n\t\t\t\t\t<\/div>\n\t\t<\/div>\n\t\t\t\t<div class=\"elementor-column elementor-col-50 elementor-top-column elementor-element elementor-element-d5c3c24 ot-flex-column-vertical\" data-id=\"d5c3c24\" data-element_type=\"column\" data-e-type=\"column\">\n\t\t\t<div class=\"elementor-widget-wrap elementor-element-populated\">\n\t\t\t\t\t\t<div class=\"elementor-element elementor-element-37d16bd elementor-widget elementor-widget-image\" data-id=\"37d16bd\" data-element_type=\"widget\" data-e-type=\"widget\" data-widget_type=\"image.default\">\n\t\t\t\t<div class=\"elementor-widget-container\">\n\t\t\t\t\t\t\t\t\t\t\t\t\t\t\t<img fetchpriority=\"high\" decoding=\"async\" width=\"926\" height=\"855\" src=\"https:\/\/www.gestaltkairos.com\/wp-content\/uploads\/2021\/04\/Mesa-de-trabajo-6-8.png\" class=\"attachment-large size-large wp-image-6585\" alt=\"peluix infantil\" srcset=\"https:\/\/www.gestaltkairos.com\/wp-content\/uploads\/2021\/04\/Mesa-de-trabajo-6-8.png 926w, https:\/\/www.gestaltkairos.com\/wp-content\/uploads\/2021\/04\/Mesa-de-trabajo-6-8-300x277.png 300w, https:\/\/www.gestaltkairos.com\/wp-content\/uploads\/2021\/04\/Mesa-de-trabajo-6-8-768x709.png 768w\" sizes=\"(max-width: 926px) 100vw, 926px\" \/>\t\t\t\t\t\t\t\t\t\t\t\t\t\t\t<\/div>\n\t\t\t\t<\/div>\n\t\t\t\t\t<\/div>\n\t\t<\/div>\n\t\t\t\t\t<\/div>\n\t\t<\/section>\n\t\t\t\t<section class=\"elementor-section elementor-top-section elementor-element elementor-element-8d2a092 elementor-section-boxed elementor-section-height-default elementor-section-height-default\" data-id=\"8d2a092\" data-element_type=\"section\" data-e-type=\"section\">\n\t\t\t\t\t\t<div class=\"elementor-container elementor-column-gap-default\">\n\t\t\t\t\t<div class=\"elementor-column elementor-col-100 elementor-top-column elementor-element elementor-element-edc6639 ot-flex-column-vertical\" data-id=\"edc6639\" data-element_type=\"column\" data-e-type=\"column\">\n\t\t\t<div class=\"elementor-widget-wrap elementor-element-populated\">\n\t\t\t\t\t\t<div class=\"elementor-element elementor-element-e408c18 elementor-widget elementor-widget-iheading\" data-id=\"e408c18\" data-element_type=\"widget\" data-e-type=\"widget\" data-widget_type=\"iheading.default\">\n\t\t\t\t<div class=\"elementor-widget-container\">\n\t\t\t\t\t\t\t<div class=\"ot-heading left-align\">\n\t\t\t\n\t\t\t\t\n\n\t        \t            <h5 class=\"sub-heading\"><span>GESTALT KAIROS<\/span><\/h5>\n\t         \n\n\t        \t        \t<h2 class=\"main-heading\">ALLIBERA\u2019T: Grup d'encontre LGTBIQ+<\/h2>\n\t        \t    <\/div>\n\t    \t\t\t\t<\/div>\n\t\t\t\t<\/div>\n\t\t\t\t\t<\/div>\n\t\t<\/div>\n\t\t\t\t\t<\/div>\n\t\t<\/section>\n\t\t\t\t<section class=\"elementor-section elementor-top-section elementor-element elementor-element-c13ea1c elementor-section-boxed elementor-section-height-default elementor-section-height-default\" data-id=\"c13ea1c\" data-element_type=\"section\" data-e-type=\"section\">\n\t\t\t\t\t\t<div class=\"elementor-container elementor-column-gap-default\">\n\t\t\t\t\t<div class=\"elementor-column elementor-col-50 elementor-top-column elementor-element elementor-element-911e2d1 ot-flex-column-vertical\" data-id=\"911e2d1\" data-element_type=\"column\" data-e-type=\"column\">\n\t\t\t<div class=\"elementor-widget-wrap elementor-element-populated\">\n\t\t\t\t\t\t<div class=\"elementor-element elementor-element-80b98ff elementor-widget elementor-widget-iiconbox\" data-id=\"80b98ff\" data-element_type=\"widget\" data-e-type=\"widget\" data-widget_type=\"iiconbox.default\">\n\t\t\t\t<div class=\"elementor-widget-container\">\n\t\t\t\t\t\t\t<div class=\"icon-box s3\">\n\t\t\t<div class=\"bg-s3\"><\/div>\n\t\t\t<div class=\"bg-before\"><\/div>\n\t\t\t<div class=\"bg-after\"><\/div>\n\t\t\t<div class=\"icon-main\">\n\t\t        \t\t        \t<i aria-hidden=\"true\" class=\"fas fa-star\"><\/i>\t\t        \t\t\t    \n\t\t\t    \t\t        \t        <\/div>\n\t        <div class=\"content-box\">\n\t            <h5 class=\"box-title\">Celeste Gonzales y Regina Fiz Santos.\u00a0Regina y Celeste. Una correspond\u00e9ncia.<\/h5>\n\t            <p>Emocionant diari vital escrit a dues mans, sense tab\u00fas. Un viatge a contracorrent en el que es q\u00fcestionen etiquetes, categories i estereotips relacionats amb el col\u00b7lectiu LGTBIQ+. Margarita Yourcenar va dir \u201c del que anem mancats es de realitats\u201d i aquest llibre ens ofereix una realitat honesta amb una genial combinaci\u00f3 de lo elegant a lo obsc\u00e8. Un viatge literari on els extrems es toquen.<\/p>\n\t        <\/div>\n\t        \t\n\t    <\/div>\n\t    \t\t\t\t<\/div>\n\t\t\t\t<\/div>\n\t\t\t\t<div class=\"elementor-element elementor-element-698956a elementor-widget elementor-widget-iiconbox\" data-id=\"698956a\" data-element_type=\"widget\" data-e-type=\"widget\" data-widget_type=\"iiconbox.default\">\n\t\t\t\t<div class=\"elementor-widget-container\">\n\t\t\t\t\t\t\t<div class=\"icon-box s3\">\n\t\t\t<div class=\"bg-s3\"><\/div>\n\t\t\t<div class=\"bg-before\"><\/div>\n\t\t\t<div class=\"bg-after\"><\/div>\n\t\t\t<div class=\"icon-main\">\n\t\t        \t\t        \t<i aria-hidden=\"true\" class=\"fas fa-star\"><\/i>\t\t        \t\t\t    \n\t\t\t    \t\t        \t        <\/div>\n\t        <div class=\"content-box\">\n\t            <h5 class=\"box-title\">Gerard Coll-Planas.\u00a0Dibujando el g\u00e9nero.<\/h5>\n\t            <p>Llibre il\u00b7lustrat on s\u2019explica el g\u00e8nere com a construcci\u00f3 social que regula les difer\u00e8ncies i desigualtats entre homes i dones i que suposa una exclusi\u00f3 a les persones trans, intersexuals, gays, lesbianes, bisexuals.... El llibre ens ofereix poder observar les diferents pressions, viol\u00e8ncies i discursos que estableixen les normes de g\u00e8nere i que dibuixen la nostre societat.<\/p>\n\t        <\/div>\n\t        \t\n\t    <\/div>\n\t    \t\t\t\t<\/div>\n\t\t\t\t<\/div>\n\t\t\t\t\t<\/div>\n\t\t<\/div>\n\t\t\t\t<div class=\"elementor-column elementor-col-50 elementor-top-column elementor-element elementor-element-af545ff ot-flex-column-vertical\" data-id=\"af545ff\" data-element_type=\"column\" data-e-type=\"column\">\n\t\t\t<div class=\"elementor-widget-wrap elementor-element-populated\">\n\t\t\t\t\t\t<div class=\"elementor-element elementor-element-48418f8 elementor-widget elementor-widget-iiconbox\" data-id=\"48418f8\" data-element_type=\"widget\" data-e-type=\"widget\" data-widget_type=\"iiconbox.default\">\n\t\t\t\t<div class=\"elementor-widget-container\">\n\t\t\t\t\t\t\t<div class=\"icon-box s3\">\n\t\t\t<div class=\"bg-s3\"><\/div>\n\t\t\t<div class=\"bg-before\"><\/div>\n\t\t\t<div class=\"bg-after\"><\/div>\n\t\t\t<div class=\"icon-main\">\n\t\t        \t\t        \t<i aria-hidden=\"true\" class=\"fas fa-star\"><\/i>\t\t        \t\t\t    \n\t\t\t    \t\t        \t        <\/div>\n\t        <div class=\"content-box\">\n\t            <h5 class=\"box-title\">Gabriel J. Martin.\u00a0Qui\u00e9rete mucho maric\u00f3n.<\/h5>\n\t            <p>Manual psicoemocional per a homes homosexuals. El autor mostra les seq\u00fceles que ha deixat l\u2019homof\u00f2bia i com s\u2019ha interioritzat.<\/p>\n\t        <\/div>\n\t        \t\n\t    <\/div>\n\t    \t\t\t\t<\/div>\n\t\t\t\t<\/div>\n\t\t\t\t<div class=\"elementor-element elementor-element-03682cb elementor-widget elementor-widget-iiconbox\" data-id=\"03682cb\" data-element_type=\"widget\" data-e-type=\"widget\" data-widget_type=\"iiconbox.default\">\n\t\t\t\t<div class=\"elementor-widget-container\">\n\t\t\t\t\t\t\t<div class=\"icon-box s3\">\n\t\t\t<div class=\"bg-s3\"><\/div>\n\t\t\t<div class=\"bg-before\"><\/div>\n\t\t\t<div class=\"bg-after\"><\/div>\n\t\t\t<div class=\"icon-main\">\n\t\t        \t\t        \t<i aria-hidden=\"true\" class=\"fas fa-star\"><\/i>\t\t        \t\t\t    \n\t\t\t    \t\t        \t        <\/div>\n\t        <div class=\"content-box\">\n\t            <h5 class=\"box-title\">Gabriel J. Martin.\u00a0El ciclo del amor marica.<\/h5>\n\t            <p>Llibre que aborda les possibles situacions sentimentals en les que un home gay es pot trobar al llarg de la seva vida.<\/p>\n\t        <\/div>\n\t        \t\n\t    <\/div>\n\t    \t\t\t\t<\/div>\n\t\t\t\t<\/div>\n\t\t\t\t<div class=\"elementor-element elementor-element-a78abad elementor-widget elementor-widget-iiconbox\" data-id=\"a78abad\" data-element_type=\"widget\" data-e-type=\"widget\" data-widget_type=\"iiconbox.default\">\n\t\t\t\t<div class=\"elementor-widget-container\">\n\t\t\t\t\t\t\t<div class=\"icon-box s3\">\n\t\t\t<div class=\"bg-s3\"><\/div>\n\t\t\t<div class=\"bg-before\"><\/div>\n\t\t\t<div class=\"bg-after\"><\/div>\n\t\t\t<div class=\"icon-main\">\n\t\t        \t\t        \t<i aria-hidden=\"true\" class=\"fas fa-star\"><\/i>\t\t        \t\t\t    \n\t\t\t    \t\t        \t        <\/div>\n\t        <div class=\"content-box\">\n\t            <h5 class=\"box-title\">Luis Antonio de Villena.\u00a0F\u00e1cil.<\/h5>\n\t            <p>Novel\u00b7la marginal on l\u2019autor et convida a meditar, pensar i tirar-se amb vuit dins innumerables laberints que ell coneix. La sordidesa, la prostituci\u00f3, la droga, el sexe, el m\u00f3n de la divina bogeria son vistos, per l\u2019autor, des de la llum m\u00e9s que des\u00a0de l\u2019horror.<\/p>\n\t        <\/div>\n\t        \t\n\t    <\/div>\n\t    \t\t\t\t<\/div>\n\t\t\t\t<\/div>\n\t\t\t\t\t<\/div>\n\t\t<\/div>\n\t\t\t\t\t<\/div>\n\t\t<\/section>\n\t\t\t\t<section class=\"elementor-section elementor-top-section elementor-element elementor-element-7036c0e elementor-section-boxed elementor-section-height-default elementor-section-height-default\" data-id=\"7036c0e\" data-element_type=\"section\" data-e-type=\"section\">\n\t\t\t\t\t\t<div class=\"elementor-container elementor-column-gap-default\">\n\t\t\t\t\t<div class=\"elementor-column elementor-col-100 elementor-top-column elementor-element elementor-element-632d6c4 ot-flex-column-vertical\" data-id=\"632d6c4\" data-element_type=\"column\" data-e-type=\"column\">\n\t\t\t<div class=\"elementor-widget-wrap elementor-element-populated\">\n\t\t\t\t\t\t<div class=\"elementor-element elementor-element-b52b9e6 elementor-widget elementor-widget-iheading\" data-id=\"b52b9e6\" data-element_type=\"widget\" data-e-type=\"widget\" data-widget_type=\"iheading.default\">\n\t\t\t\t<div class=\"elementor-widget-container\">\n\t\t\t\t\t\t\t<div class=\"ot-heading left-align\">\n\t\t\t\n\t\t\t\t\n\n\t        \t            <h5 class=\"sub-heading\"><span>GESTALT KAIROS<\/span><\/h5>\n\t         \n\n\t        \t        \t<h2 class=\"main-heading\">Articles<\/h2>\n\t        \t    <\/div>\n\t    \t\t\t\t<\/div>\n\t\t\t\t<\/div>\n\t\t\t\t<div class=\"elementor-element elementor-element-7290243 elementor-widget elementor-widget-iaccordions\" data-id=\"7290243\" data-element_type=\"widget\" data-e-type=\"widget\" data-widget_type=\"iaccordions.default\">\n\t\t\t\t<div class=\"elementor-widget-container\">\n\t\t\t\t\t\n\t\t<div class=\"ot-accordions\">\n\t\t\t\t\t\t<div class=\"acc-item\">\n\t\t\t\t<span class=\"acc-toggle\">Articles de Gestalt <i class=\"down flaticon-arrow-pointing-to-down\"><\/i><i class=\"up flaticon-arrow-pointing-to-up\"><\/i><\/span>\n\t\t\t\t<div class=\"acc-content\">\n\t\t\t\t\t<ul><li><strong>Andr\u00e9e Fleming i Holland R.\u00a0<em>Las raices psicoanal\u00edticas de la Gestalt.\u00a0<\/em>\u00a0<\/strong><\/li><\/ul><p><a href=\"https:\/\/gestaltnet.net\/sites\/default\/files\/FF5-LAS%20RAICES%20PSICOANALITICAS%20DE%20LA%20GESTALT.pdf\" target=\"_blank\" rel=\"noopener\">https:\/\/gestaltnet.net\/sites\/default\/files\/FF5-LAS%20RAICES%20PSICOANALITICAS%20DE%20LA%20GESTALT.pdf<\/a><\/p><ul><li><strong>Joan Garriga .\u00a0<em>El burro frente al establo.\u00a0<\/em><\/strong><\/li><\/ul><p>Aquest article parla de la relaci\u00f3 terap\u00e8utica entre client i terapeuta i dels rols autom\u00e0tics que es poden donar segons la historia personal de cadasc\u00fa. Com diu en Joan Garriga, \u00e9s interessant ser conscients d\u2019aquest rols per tal que la relaci\u00f3 no arribi a cristalitzar-se i deixi de ser aix\u00ed efectiva.<\/p><ul><li><strong>Ximo T\u00e0rrega.<\/strong>\u00a0<strong><em>De la autosuficiencia a la interdependencia<\/em>.\u00a0<\/strong><\/li><\/ul><p>En aquest article, que vindria a ser una cr\u00edtica a l\u2019individualisme, l\u2019autor ens parla entre altres coses, de les diferencies entre interdepend\u00e8ncia i co-depend\u00e8ncia.Ens convida a reflexionar sobre el concepte d\u2019autosufici\u00e8ncia sovint conf\u00f3s en la Gestalt amb el concepte d\u2019autosuport. \u201cExisto gracias a la mirada del otro que me hace existir\u201d.<\/p>\t\t\t\t<\/div>\n\t\t\t<\/div>\n\t\t\t\t\t\t<div class=\"acc-item\">\n\t\t\t\t<span class=\"acc-toggle\">Articles de la Teoria de Camp <i class=\"down flaticon-arrow-pointing-to-down\"><\/i><i class=\"up flaticon-arrow-pointing-to-up\"><\/i><\/span>\n\t\t\t\t<div class=\"acc-content\">\n\t\t\t\t\t<ul><li><strong>Efrain Flores , B.<\/strong>\u00a0<strong><em>Comentarios sobre las ideas de Friedlaender.<\/em><\/strong>\u00a0(ww.gestaltnet.net).<\/li><li><strong>Gianni, F.\u00a0<\/strong>(2015).<strong>\u00a0<em>De la sintomatologia individual a los campos psicopatologicos. Hacia una perspectiva del campo sobre el sufrimiento cl\u00ednico.<\/em><\/strong>\u00a0(Recuperado en:\u00a0<a href=\"http:\/\/cuadernosgestalt.com\/27-cuadernos-gestalt\/siete\/103-de-la-sintomatologia-individual-a-los-campos-psicopatologicos\" target=\"_blank\" rel=\"noopener\">http:\/\/cuadernosgestalt.com\/27-cuadernos-gestalt\/siete\/103-de-la-sintomatologia-individual-a-los-campos-psicopatologicos<\/a>).<\/li><li><strong>Jacobs,\u00a0<em>L. La inevitable intersubjetividad del self.<\/em><\/strong>\u00a0(Recuperado en:\u00a0<a href=\"http:\/\/www.revistafigurafondo.com\/\" target=\"_blank\" rel=\"noopener\">http:\/\/www.revistafigurafondo.com<\/a>)<\/li><li><strong>Madrona, S\u00a0<\/strong>(1998).<strong>\u00a0<em>De la filosof\u00eda esc\u00e9ptica a kuhn y a la epistemolog\u00eda cibern\u00e9tica.<\/em><\/strong>\u00a0(Recuperado en:\u00a0<a href=\"http:\/\/unidad-opuestos.blogspot.com.es\/2013\/08\/presentacion-de-este-articulo-haceunos.html\" target=\"_blank\" rel=\"noopener\">http:\/\/unidad-opuestos.blogspot.com.es\/2013\/08\/presentacion-de-este-articulo-haceunos.html<\/a>).<\/li><li><strong>Madrona, S.\u00a0<\/strong>(2013)<strong>.\u00a0<em>La unidad de los opuestos. Pensar y sentir.<\/em><\/strong>\u00a0(Recuperado en:\u00a0<a href=\"http:\/\/unidad-opuestos.blogspot.com.es\/2013\/08\/pensar-y-sentir.html\" target=\"_blank\" rel=\"noopener\">http:\/\/unidad-opuestos.blogspot.com.es\/2013\/08\/pensar-y-sentir.html<\/a>).<\/li><li><strong>Madrona, S.\u00a0<\/strong>(2014).<strong>\u00a0\u00a0<em>El yo es un concepto con fecha de caducidad.<\/em><\/strong>\u00a0(Recuperado en:\u00a0<a href=\"http:\/\/www.tendencias21.net\/El-Yo-es-un-concepto-con-fecha-de-caducidad_a32818.html\" target=\"_blank\" rel=\"noopener\">http:\/\/www.tendencias21.net\/El-Yo-es-un-concepto-con-fecha-de-caducidad_a32818.html<\/a>).<\/li><li><strong>Madrona, S.\u00a0<\/strong>(2014).<strong>\u00a0<em>La consciencia como espiral matem\u00e1tica.<\/em><\/strong>\u00a0 (Recuperado en:\u00a0<a href=\"http:\/\/www.tendencias21.net\/La-consciencia-como-espiral-matematica_a39220.html\" target=\"_blank\" rel=\"noopener\">http:\/\/www.tendencias21.net\/La-consciencia-como-espiral-matematica_a39220.html<\/a>).<\/li><li><strong>Madrona, S.\u00a0<\/strong>(2014).<strong>\u00a0<em>La paradoja de la subjetividad: para conocer, el sentimiento tambi\u00e9n es necesario (Recuperado en:\u00a0<\/em><\/strong><a href=\"http:\/\/www.tendencias21.net\/La-paradoja-de-la-subjetividad-para-conocer-el-sentimiento-tambien-es-necesario_a37233.html\" target=\"_blank\" rel=\"noopener\">http:\/\/www.tendencias21.net\/La-paradoja-de-la-subjetividad-para-conocer-el-sentimiento-tambien-es-necesario_a37233.html<\/a>).<\/li><li><strong>Madrona, S.\u00a0<\/strong>(2015).<strong>\u00a0<em>Aspectos subjetivos e inconscientes podr\u00edan resolver la \u2018paradoja del mal\u2019.<\/em><\/strong>\u00a0(Recuperado en:\u00a0<a href=\"http:\/\/www.tendencias21.net\/Aspectos-subjetivos-e-inconscientes-podrian-resolver-la-paradoja-del-mal_a41197.html\" target=\"_blank\" rel=\"noopener\">http:\/\/www.tendencias21.net\/Aspectos-subjetivos-e-inconscientes-podrian-resolver-la-paradoja-del-mal_a41197.html<\/a>).<\/li><li><strong>Madrona, S\u00a0<\/strong>(2015)<strong>.\u00a0<em>C\u00f3mo salir del \u2018mapa\u2019 para entrar en la realidad.<\/em><\/strong>\u00a0(Recuperado en:\u00a0<a href=\"http:\/\/www.tendencias21.net\/Como-salir-del-mapa-para-entrar-en-la-realidad_a40600.html\" target=\"_blank\" rel=\"noopener\">http:\/\/www.tendencias21.net\/Como-salir-del-mapa-para-entrar-en-la-realidad_a40600.html<\/a>).<\/li><li><strong>Madrona, S.\u00a0<\/strong>(2015).<strong>\u00a0<em>El estudio de la consciencia debe integrar lo objetivo y lo subjetivo.<\/em><\/strong>\u00a0(Recuperado en:\u00a0<a href=\"http:\/\/www.tendencias21.net\/El-estudio-de-la-consciencia-debe-integrar-lo-objetivo-y-lo-subjetivo_a39783.html\" target=\"_blank\" rel=\"noopener\">http:\/\/www.tendencias21.net\/El-estudio-de-la-consciencia-debe-integrar-lo-objetivo-y-lo-subjetivo_a39783.html<\/a>).<\/li><li><strong>Madrona, S.\u00a0<\/strong>(2015).<strong>\u00a0\u00a0<em>La teoria de campo de la f\u00edsica explica la creatividad y la sincronicidad.<\/em><\/strong>\u00a0(Recuperado en:\u00a0<a href=\"http:\/\/www.tendencias21.net\/La-Teoria-de-campo-de-la-Fisica-explica-la-creatividad-y-la-sincronicidad_a41672.html\" target=\"_blank\" rel=\"noopener\">http:\/\/www.tendencias21.net\/La-Teoria-de-campo-de-la-Fisica-explica-la-creatividad-y-la-sincronicidad_a41672.html<\/a>).<\/li><li><strong>Madrona, S\u00a0<\/strong>(2016).<strong>\u00a0<em>Los procesos de organizaci\u00f3n de la mente y la materia son hom\u00f3logos.<\/em><\/strong>\u00a0(Recuperado en:\u00a0<a href=\"http:\/\/www.tendencias21.net\/Los-procesos-de-organizacion-de-la-mente-y-de-la-materia-son-homologos_a42573.html\" target=\"_blank\" rel=\"noopener\">http:\/\/www.tendencias21.net\/Los-procesos-de-organizacion-de-la-mente-y-de-la-materia-son-homologos_a42573.html<\/a>).<\/li><li><strong>Madrona, S.\u00a0<em>El self como pauta la uni\u00f3n de las diferencias.<\/em><\/strong>\u00a0(Recuperado en:\u00a0<a href=\"http:\/\/gestaltnet.net\/documentos\/el-self-como-pauta\" target=\"_blank\" rel=\"noopener\">http:\/\/gestaltnet.net\/documentos\/el-self-como-pauta#<\/a>).<\/li><li><strong>Madrona, S.\u00a0<em>El \u2018yo cu\u00e1ntico\u2019 y el yo humano.<\/em><\/strong>\u00a0(Recuperado en:\u00a0<a href=\"http:\/\/gestaltnet.net\/documentos\/el-%E2%80%98yo-cu%C3%A1ntico%E2%80%99-y-el-yo-humano\" target=\"_blank\" rel=\"noopener\">http:\/\/gestaltnet.net\/documentos\/el-%E2%80%98yo-cu%C3%A1ntico%E2%80%99-y-el-yo-humano#<\/a>)<\/li><li><strong>Madrona, S., Fern\u00e1ndez , I.\u00a0<\/strong>(Col.)<strong>\u00a0<em>La sincronicidad vista desde la teor\u00eda de campo. Los tres campos.<\/em><\/strong>\u00a0(Recuperado en:\u00a0<a href=\"http:\/\/gestaltnet.net\/sites\/default\/files\/La%20sincronicidad%20en%20gestalt.pdF\" target=\"_blank\" rel=\"noopener\">http:\/\/gestaltnet.net\/sites\/default\/files\/La%20sincronicidad%20en%20gestalt.pdF<\/a>).<\/li><li><strong>Madrona, S.\u00a0<em>La sincronicidad vista desde la teoria del campo. Anexo i el flujo de energia.<\/em><\/strong>\u00a0(Recuperado en:\u00a0<a href=\"http:\/\/gestaltnet.net\/documentos\/la-sincronicidad-vista-desde-la-teor%C3%AD-de-campo-anexo-i-el-flujo-de-la-energ%C3%AD\" target=\"_blank\" rel=\"noopener\">http:\/\/gestaltnet.net\/documentos\/la-sincronicidad-vista-desde-la-teor%C3%AD-de-campo-anexo-i-el-flujo-de-la-energ%C3%AD<\/a>)<\/li><li><strong>Pic\u00f3, D.\u00a0<em>El campo.<\/em><\/strong>\u00a0(Recuperado en:\u00a0<a href=\"http:\/\/gestaltnet.net\/documentos\/el-campo\" target=\"_blank\" rel=\"noopener\">http:\/\/gestaltnet.net\/documentos\/el-campo<\/a>).<\/li><li><strong>Robine, J. M.\u00a0<em>Una terapia de las formas de la experiencia.<\/em><\/strong>\u00a0 (Recuperado en:\u00a0<a href=\"http:\/\/gestaltnet.net\/documentos\/una-terapia-de-las-formas-de-la-experiencia\" target=\"_blank\" rel=\"noopener\">http:\/\/gestaltnet.net\/documentos\/una-terapia-de-las-formas-de-la-experiencia#<\/a>).<\/li><li><strong>Robine, J. M.\u00a0<\/strong>(2008).<strong>\u00a0<em>El fondo del campo.<\/em><\/strong>\u00a0(Recuperado en:\u00a0<a href=\"http:\/\/gestaltnet.net\/documentos\/el-fondo-del-campo\" target=\"_blank\" rel=\"noopener\">http:\/\/gestaltnet.net\/documentos\/el-fondo-del-campo#<\/a>).<\/li><li><strong>Schotch, S.\u00a0<em>Como pensar el campo en la clinica gestaltica<\/em>.<\/strong>\u00a0(Recuperado en:\u00a0<a href=\"http:\/\/gestaltnet.net\/sites\/default\/files\/Como%20pensar%20el%20campo%20en%20la%20clinica%20gestaltista.pdf\" target=\"_blank\" rel=\"noopener\">http:\/\/gestaltnet.net\/sites\/default\/files\/Como%20pensar%20el%20campo%20en%20la%20clinica%20gestaltista.pdf<\/a>).<\/li><li><strong>Spagnuolo-Lobb, M.\u00a0<\/strong>(2015).<strong>\u00a0<em>Terapia gestalt y creatividad: el self en el contacto. Psic\u00f3logos y terapeutas en M\u00e9xico.<\/em><\/strong>\u00a0(Recuperado en:\u00a0<a href=\"http:\/\/psicologos.mx\/terapia-gestalt-creatividad-contacto.php\" target=\"_blank\" rel=\"noopener\">http:\/\/psicologos.mx\/terapia-gestalt-creatividad-contacto.php<\/a>).<\/li><li><strong>Spagnuolo-Lobb, M.\u00a0<em>Isomorphism: the bridge to connect g terapy g theory and neurociences.<\/em><\/strong>\u00a0(Recuperado en:\u00a0<a href=\"http:\/\/gth.krammerbuch.at\/sites\/default\/files\/articles\/Create%20Article\/03_Spagnuolo_Lobb.pdf\" target=\"_blank\" rel=\"noopener\">http:\/\/gth.krammerbuch.at\/sites\/default\/files\/articles\/Create%20Article\/03_Spagnuolo_Lobb.pdf<\/a>).<\/li><li><strong>Sell\u00e9s, A.\u00a0<\/strong>(2006).<strong>\u00a0<em>Reflexiones y preguntas sobre la teoria del campo.<\/em><\/strong>\u00a0(Recuperado en :\u00a0<a href=\"http:\/\/gestaltnet.net\/sites\/default\/files\/teoria%20campo.pdf\" target=\"_blank\" rel=\"noopener\">http:\/\/gestaltnet.net\/sites\/default\/files\/teoria%20campo.pdf<\/a>).<\/li><li><strong>T\u00e0rrega, S.,\u00a0<em>De la autosuficiencia a la interdependencia.<\/em><\/strong>\u00a0(Recuperado en:\u00a0<a href=\"http:\/\/gestaltnet.net\/sites\/default\/files\/De%20la%20autosuficiencia%20a%20la%20interdependencia.pdf\" target=\"_blank\" rel=\"noopener\">http:\/\/gestaltnet.net\/sites\/default\/files\/De%20la%20autosuficiencia%20a%20la%20interdependencia.pdf<\/a>).<\/li><\/ul>\t\t\t\t<\/div>\n\t\t\t<\/div>\n\t\t\t\t    <\/div>\n\n\t    \t\t\t\t<\/div>\n\t\t\t\t<\/div>\n\t\t\t\t\t<\/div>\n\t\t<\/div>\n\t\t\t\t\t<\/div>\n\t\t<\/section>\n\t\t\t\t<section class=\"elementor-section elementor-top-section elementor-element elementor-element-d463e7a elementor-section-boxed elementor-section-height-default elementor-section-height-default\" data-id=\"d463e7a\" data-element_type=\"section\" data-e-type=\"section\">\n\t\t\t\t\t\t<div class=\"elementor-container elementor-column-gap-default\">\n\t\t\t\t\t<div class=\"elementor-column elementor-col-100 elementor-top-column elementor-element elementor-element-a6cd6df ot-flex-column-vertical\" data-id=\"a6cd6df\" data-element_type=\"column\" data-e-type=\"column\">\n\t\t\t<div class=\"elementor-widget-wrap elementor-element-populated\">\n\t\t\t\t\t\t<div class=\"elementor-element elementor-element-9c4604f elementor-widget elementor-widget-iheading\" data-id=\"9c4604f\" data-element_type=\"widget\" data-e-type=\"widget\" data-widget_type=\"iheading.default\">\n\t\t\t\t<div class=\"elementor-widget-container\">\n\t\t\t\t\t\t\t<div class=\"ot-heading left-align\">\n\t\t\t\n\t\t\t\t\n\n\t        \t            <h5 class=\"sub-heading\"><span>GESTALT KAIROS<\/span><\/h5>\n\t         \n\n\t        \t        \t<h2 class=\"main-heading\">Revistes<\/h2>\n\t        \t    <\/div>\n\t    \t\t\t\t<\/div>\n\t\t\t\t<\/div>\n\t\t\t\t\t<\/div>\n\t\t<\/div>\n\t\t\t\t\t<\/div>\n\t\t<\/section>\n\t\t\t\t<section class=\"elementor-section elementor-top-section elementor-element elementor-element-f60f82f elementor-section-boxed elementor-section-height-default elementor-section-height-default\" data-id=\"f60f82f\" data-element_type=\"section\" data-e-type=\"section\">\n\t\t\t\t\t\t<div class=\"elementor-container elementor-column-gap-default\">\n\t\t\t\t\t<div class=\"elementor-column elementor-col-33 elementor-top-column elementor-element elementor-element-d238546 ot-flex-column-vertical\" data-id=\"d238546\" data-element_type=\"column\" data-e-type=\"column\">\n\t\t\t<div class=\"elementor-widget-wrap elementor-element-populated\">\n\t\t\t\t\t\t<div class=\"elementor-element elementor-element-8ba3579 elementor-widget elementor-widget-iiconbox\" data-id=\"8ba3579\" data-element_type=\"widget\" data-e-type=\"widget\" data-widget_type=\"iiconbox.default\">\n\t\t\t\t<div class=\"elementor-widget-container\">\n\t\t\t\t\t\t\t<div class=\"icon-box s3\">\n\t\t\t<div class=\"bg-s3\"><\/div>\n\t\t\t<div class=\"bg-before\"><\/div>\n\t\t\t<div class=\"bg-after\"><\/div>\n\t\t\t<div class=\"icon-main\">\n\t\t        \t\t        \t<i aria-hidden=\"true\" class=\"fas fa-book-open\"><\/i>\t\t        \t\t\t    \n\t\t\t    \t\t        \t        <\/div>\n\t        <div class=\"content-box\">\n\t            <h5 class=\"box-title\"><\/h5>\n\t            <p>Brunswik,\u00a0 E.\u00a0(1943, 50). Organismic achievement and enviromental probability, en\u00a0Psychol. Rev.,\u00a0\u00a0pp. 255-272.<\/p>\n\t        <\/div>\n\t        \t\n\t    <\/div>\n\t    \t\t\t\t<\/div>\n\t\t\t\t<\/div>\n\t\t\t\t<div class=\"elementor-element elementor-element-2eba65b elementor-widget elementor-widget-iiconbox\" data-id=\"2eba65b\" data-element_type=\"widget\" data-e-type=\"widget\" data-widget_type=\"iiconbox.default\">\n\t\t\t\t<div class=\"elementor-widget-container\">\n\t\t\t\t\t\t\t<div class=\"icon-box s3\">\n\t\t\t<div class=\"bg-s3\"><\/div>\n\t\t\t<div class=\"bg-before\"><\/div>\n\t\t\t<div class=\"bg-after\"><\/div>\n\t\t\t<div class=\"icon-main\">\n\t\t        \t\t        \t<i aria-hidden=\"true\" class=\"fas fa-book-open\"><\/i>\t\t        \t\t\t    \n\t\t\t    \t\t        \t        <\/div>\n\t        <div class=\"content-box\">\n\t            <h5 class=\"box-title\"><a href=\"http:\/\/www.gisc.org\/gestaltreview\/v12.php\" target=\"_blank\" rel=\"noopener\"><\/a><\/h5>\n\t            <p>O\u2019neill, B.\u00a0Relativistic quantum field theory.\u00a0Gestalt Review, 12\u00a0(1). (Recuperado en:\u00a0http:\/\/www.gisc.org\/gestaltreview\/v12.php).<\/p>\n\t        <\/div>\n\t        \t\n\t    <\/div>\n\t    \t\t\t\t<\/div>\n\t\t\t\t<\/div>\n\t\t\t\t\t<\/div>\n\t\t<\/div>\n\t\t\t\t<div class=\"elementor-column elementor-col-33 elementor-top-column elementor-element elementor-element-8d1cc75 ot-flex-column-vertical\" data-id=\"8d1cc75\" data-element_type=\"column\" data-e-type=\"column\">\n\t\t\t<div class=\"elementor-widget-wrap elementor-element-populated\">\n\t\t\t\t\t\t<div class=\"elementor-element elementor-element-43bcfc9 elementor-widget elementor-widget-iiconbox\" data-id=\"43bcfc9\" data-element_type=\"widget\" data-e-type=\"widget\" data-widget_type=\"iiconbox.default\">\n\t\t\t\t<div class=\"elementor-widget-container\">\n\t\t\t\t\t\t\t<div class=\"icon-box s3\">\n\t\t\t<div class=\"bg-s3\"><\/div>\n\t\t\t<div class=\"bg-before\"><\/div>\n\t\t\t<div class=\"bg-after\"><\/div>\n\t\t\t<div class=\"icon-main\">\n\t\t        \t\t        \t<i aria-hidden=\"true\" class=\"fas fa-book-open\"><\/i>\t\t        \t\t\t    \n\t\t\t    \t\t        \t        <\/div>\n\t        <div class=\"content-box\">\n\t            <h5 class=\"box-title\"><\/h5>\n\t            <p>Francesetti G.,\u00a0(2015). From individual symptomps psysichopathological fields, Towards a field perspective on clinical human suffering, en\u00a0British Gestalt Journal, 24, (1).<\/p>\n\t        <\/div>\n\t        \t\n\t    <\/div>\n\t    \t\t\t\t<\/div>\n\t\t\t\t<\/div>\n\t\t\t\t<div class=\"elementor-element elementor-element-bd24d8a elementor-widget elementor-widget-iiconbox\" data-id=\"bd24d8a\" data-element_type=\"widget\" data-e-type=\"widget\" data-widget_type=\"iiconbox.default\">\n\t\t\t\t<div class=\"elementor-widget-container\">\n\t\t\t\t\t\t\t<div class=\"icon-box s3\">\n\t\t\t<div class=\"bg-s3\"><\/div>\n\t\t\t<div class=\"bg-before\"><\/div>\n\t\t\t<div class=\"bg-after\"><\/div>\n\t\t\t<div class=\"icon-main\">\n\t\t        \t\t        \t<i aria-hidden=\"true\" class=\"fas fa-book-open\"><\/i>\t\t        \t\t\t    \n\t\t\t    \t\t        \t        <\/div>\n\t        <div class=\"content-box\">\n\t            <h5 class=\"box-title\"><\/h5>\n\t            <p>Parlett, M.,\u00a0(1997). El campo unificado en la practica,\u00a0Gestalt Review, 1(1): 16-33.<\/p>\n\t        <\/div>\n\t        \t\n\t    <\/div>\n\t    \t\t\t\t<\/div>\n\t\t\t\t<\/div>\n\t\t\t\t\t<\/div>\n\t\t<\/div>\n\t\t\t\t<div class=\"elementor-column elementor-col-33 elementor-top-column elementor-element elementor-element-e75e797 ot-flex-column-vertical\" data-id=\"e75e797\" data-element_type=\"column\" data-e-type=\"column\">\n\t\t\t<div class=\"elementor-widget-wrap elementor-element-populated\">\n\t\t\t\t\t\t<div class=\"elementor-element elementor-element-3b7c811 elementor-widget elementor-widget-iiconbox\" data-id=\"3b7c811\" data-element_type=\"widget\" data-e-type=\"widget\" data-widget_type=\"iiconbox.default\">\n\t\t\t\t<div class=\"elementor-widget-container\">\n\t\t\t\t\t\t\t<div class=\"icon-box s3\">\n\t\t\t<div class=\"bg-s3\"><\/div>\n\t\t\t<div class=\"bg-before\"><\/div>\n\t\t\t<div class=\"bg-after\"><\/div>\n\t\t\t<div class=\"icon-main\">\n\t\t        \t\t        \t<i aria-hidden=\"true\" class=\"fas fa-book-open\"><\/i>\t\t        \t\t\t    \n\t\t\t    \t\t        \t        <\/div>\n\t        <div class=\"content-box\">\n\t            <h5 class=\"box-title\"><a href=\"www.gestaltnet.net\"><\/a><\/h5>\n\t            <p>Parlett, M.,\u00a0(1991). Reflexiones sobre teor\u00eda de campo, en\u00a0The British Gestalt Journal\u00a0 (Recuperado en:\u00a0www.gestaltnet.net).<\/p>\n\t        <\/div>\n\t        \t\n\t    <\/div>\n\t    \t\t\t\t<\/div>\n\t\t\t\t<\/div>\n\t\t\t\t<div class=\"elementor-element elementor-element-684aa0a elementor-widget elementor-widget-iiconbox\" data-id=\"684aa0a\" data-element_type=\"widget\" data-e-type=\"widget\" data-widget_type=\"iiconbox.default\">\n\t\t\t\t<div class=\"elementor-widget-container\">\n\t\t\t\t\t\t\t<div class=\"icon-box s3\">\n\t\t\t<div class=\"bg-s3\"><\/div>\n\t\t\t<div class=\"bg-before\"><\/div>\n\t\t\t<div class=\"bg-after\"><\/div>\n\t\t\t<div class=\"icon-main\">\n\t\t        \t\t        \t<i aria-hidden=\"true\" class=\"fas fa-book-open\"><\/i>\t\t        \t\t\t    \n\t\t\t    \t\t        \t        <\/div>\n\t        <div class=\"content-box\">\n\t            <h5 class=\"box-title\"><\/h5>\n\t            <p>Robine, J. M.(1998). Como pensar la psicopatologia en terapia gestalt, Rivista semestrale di psicoterpis della gestalt, 5, n\u00fam. 8\/9. (trad. Garc\u00eda, M. C. Madrid: CTP)<\/p>\n\t        <\/div>\n\t        \t\n\t    <\/div>\n\t    \t\t\t\t<\/div>\n\t\t\t\t<\/div>\n\t\t\t\t\t<\/div>\n\t\t<\/div>\n\t\t\t\t\t<\/div>\n\t\t<\/section>\n\t\t\t\t<section class=\"elementor-section elementor-top-section elementor-element elementor-element-bbf0f37 elementor-section-boxed elementor-section-height-default elementor-section-height-default\" data-id=\"bbf0f37\" data-element_type=\"section\" data-e-type=\"section\">\n\t\t\t\t\t\t<div class=\"elementor-container elementor-column-gap-default\">\n\t\t\t\t\t<div class=\"elementor-column elementor-col-100 elementor-top-column elementor-element elementor-element-040e328 ot-flex-column-vertical\" data-id=\"040e328\" data-element_type=\"column\" data-e-type=\"column\">\n\t\t\t<div class=\"elementor-widget-wrap elementor-element-populated\">\n\t\t\t\t\t\t<div class=\"elementor-element elementor-element-010fc37 elementor-widget elementor-widget-spacer\" data-id=\"010fc37\" data-element_type=\"widget\" data-e-type=\"widget\" data-widget_type=\"spacer.default\">\n\t\t\t\t<div class=\"elementor-widget-container\">\n\t\t\t\t\t\t\t<div class=\"elementor-spacer\">\n\t\t\t<div class=\"elementor-spacer-inner\"><\/div>\n\t\t<\/div>\n\t\t\t\t\t\t<\/div>\n\t\t\t\t<\/div>\n\t\t\t\t\t<\/div>\n\t\t<\/div>\n\t\t\t\t\t<\/div>\n\t\t<\/section>\n\t\t\t\t<\/div>\n\t\t","protected":false},"excerpt":{"rendered":"<p>llibres i novel\u00b7les de psicologia, filosofia i psicoter\u00e0pia Bibliografia GESTALT KAIROS I PSICOTER\u00c0PIA I FORMACI\u00d3 GIRONA Filosofia (Bases Gest\u00e0ltiques) Marcos Jose M\u00fcller-Granzotto i Rosane Lorena M\u00fcller-Granzotto.\u00a0Fenomenolog\u00eda y terapia gestalt. Rigor\u00f3s llibre que ens presenta l\u2019ingredient principal de la Ter\u00e0pia Gestalt: La Fenomenologia com a m\u00e8tode i visi\u00f3 de veure i viure el mon. Martin Buber.\u00a0Yo [&hellip;]<\/p>\n","protected":false},"author":1,"featured_media":0,"parent":0,"menu_order":0,"comment_status":"closed","ping_status":"closed","template":"","meta":{"footnotes":""},"class_list":["post-9645","page","type-page","status-publish","hentry"],"_links":{"self":[{"href":"https:\/\/www.gestaltkairos.com\/es\/wp-json\/wp\/v2\/pages\/9645","targetHints":{"allow":["GET"]}}],"collection":[{"href":"https:\/\/www.gestaltkairos.com\/es\/wp-json\/wp\/v2\/pages"}],"about":[{"href":"https:\/\/www.gestaltkairos.com\/es\/wp-json\/wp\/v2\/types\/page"}],"author":[{"embeddable":true,"href":"https:\/\/www.gestaltkairos.com\/es\/wp-json\/wp\/v2\/users\/1"}],"replies":[{"embeddable":true,"href":"https:\/\/www.gestaltkairos.com\/es\/wp-json\/wp\/v2\/comments?post=9645"}],"version-history":[{"count":75,"href":"https:\/\/www.gestaltkairos.com\/es\/wp-json\/wp\/v2\/pages\/9645\/revisions"}],"predecessor-version":[{"id":30564,"href":"https:\/\/www.gestaltkairos.com\/es\/wp-json\/wp\/v2\/pages\/9645\/revisions\/30564"}],"wp:attachment":[{"href":"https:\/\/www.gestaltkairos.com\/es\/wp-json\/wp\/v2\/media?parent=9645"}],"curies":[{"name":"wp","href":"https:\/\/api.w.org\/{rel}","templated":true}]}}